{"id":10,"date":"2023-10-02T15:49:08","date_gmt":"2023-10-02T15:49:08","guid":{"rendered":"https:\/\/www.dasgraueschaf.at\/?page_id=10"},"modified":"2026-02-05T12:16:37","modified_gmt":"2026-02-05T12:16:37","slug":"elementor-10","status":"publish","type":"page","link":"https:\/\/www.dasgraueschaf.at\/en\/","title":{"rendered":"Home page"},"content":{"rendered":"<div data-elementor-type=\"wp-post\" data-elementor-id=\"10\" class=\"elementor elementor-10\" data-elementor-post-type=\"page\">\n\t\t\t\t<div class=\"elementor-element elementor-element-dc561ca e-con-full animated-slow video_de e-flex elementor-invisible e-con e-parent\" data-id=\"dc561ca\" data-element_type=\"container\" data-settings=\"{&quot;background_background&quot;:&quot;video&quot;,&quot;background_video_link&quot;:&quot;https:\\\/\\\/www.dasgraueschaf.at\\\/wp-content\\\/uploads\\\/2023\\\/11\\\/35kompress_231121_dasgraueschaf_trailer_ferien-in-kaernten.mp4&quot;,&quot;background_play_on_mobile&quot;:&quot;yes&quot;,&quot;background_video_start&quot;:0,&quot;animation&quot;:&quot;fadeIn&quot;,&quot;animation_delay&quot;:500}\">\n\t\t<div class=\"elementor-background-video-container\">\n\t\t\t\t\t\t\t<video class=\"elementor-background-video-hosted\" role=\"presentation\" autoplay muted playsinline loop><\/video>\n\t\t\t\t\t<\/div>\t\t<\/div>\n\t\t<div class=\"elementor-element elementor-element-58a1145 e-con-full animated-slow video_en e-flex elementor-invisible e-con e-parent\" data-id=\"58a1145\" data-element_type=\"container\" data-settings=\"{&quot;background_background&quot;:&quot;video&quot;,&quot;background_video_link&quot;:&quot;https:\\\/\\\/www.dasgraueschaf.at\\\/wp-content\\\/uploads\\\/2024\\\/08\\\/240827_dasgraueschaf_trailer_ENG-1.mp4&quot;,&quot;background_play_on_mobile&quot;:&quot;yes&quot;,&quot;background_video_start&quot;:0,&quot;animation&quot;:&quot;fadeIn&quot;,&quot;animation_delay&quot;:500}\">\n\t\t<div class=\"elementor-background-video-container\">\n\t\t\t\t\t\t\t<video class=\"elementor-background-video-hosted\" role=\"presentation\" autoplay muted playsinline loop><\/video>\n\t\t\t\t\t<\/div>\t\t<\/div>\n\t\t<div class=\"elementor-element elementor-element-a070ded e-flex e-con-boxed elementor-invisible e-con e-parent\" data-id=\"a070ded\" data-element_type=\"container\" data-settings=\"{&quot;animation&quot;:&quot;fadeInUp&quot;,&quot;animation_delay&quot;:300}\">\n\t\t\t\t\t<div class=\"e-con-inner\">\n\t\t<div class=\"elementor-element elementor-element-15dca81 e-con-full e-flex e-con e-child\" data-id=\"15dca81\" data-element_type=\"container\">\n\t\t\t\t<div class=\"elementor-element elementor-element-b61bd1d elementor-widget elementor-widget-heading\" data-id=\"b61bd1d\" data-element_type=\"widget\" data-widget_type=\"heading.default\">\n\t\t\t\t<div class=\"elementor-widget-container\">\n\t\t\t\t\t<h1 class=\"elementor-heading-title elementor-size-default\">A home away<br>\nfrom home<\/h1>\t\t\t\t<\/div>\n\t\t\t\t<\/div>\n\t\t\t\t<\/div>\n\t\t<div class=\"elementor-element elementor-element-7ea1f06 e-con-full e-flex e-con e-child\" data-id=\"7ea1f06\" data-element_type=\"container\">\n\t\t\t\t<div class=\"elementor-element elementor-element-26710f5 elementor-widget elementor-widget-text-editor\" data-id=\"26710f5\" data-element_type=\"widget\" data-widget_type=\"text-editor.default\">\n\t\t\t\t<div class=\"elementor-widget-container\">\n\t\t\t\t\t\t\t\t\t<p>Bio.Design.Apartments in Carinthia, Austria, for guests from afar and locals alike. A new way to experience a countryside vacation \u2013 as a starting point or simply a place to arrive.<\/p>\t\t\t\t\t\t\t\t<\/div>\n\t\t\t\t<\/div>\n\t\t\t\t<\/div>\n\t\t\t\t\t<\/div>\n\t\t\t\t<\/div>\n\t\t<div class=\"elementor-element elementor-element-1e8c206 e-flex e-con-boxed e-con e-parent\" data-id=\"1e8c206\" data-element_type=\"container\">\n\t\t\t\t\t<div class=\"e-con-inner\">\n\t\t\t\t<div class=\"elementor-element elementor-element-75dee3c elementor-widget-divider--view-line elementor-widget elementor-widget-divider\" data-id=\"75dee3c\" data-element_type=\"widget\" data-widget_type=\"divider.default\">\n\t\t\t\t<div class=\"elementor-widget-container\">\n\t\t\t\t\t\t\t<div class=\"elementor-divider\">\n\t\t\t<span class=\"elementor-divider-separator\">\n\t\t\t\t\t\t<\/span>\n\t\t<\/div>\n\t\t\t\t\t\t<\/div>\n\t\t\t\t<\/div>\n\t\t\t\t\t<\/div>\n\t\t\t\t<\/div>\n\t\t<div class=\"elementor-element elementor-element-fd43b22 e-flex e-con-boxed elementor-invisible e-con e-parent\" data-id=\"fd43b22\" data-element_type=\"container\" data-settings=\"{&quot;animation&quot;:&quot;fadeInUp&quot;,&quot;animation_delay&quot;:300}\">\n\t\t\t\t\t<div class=\"e-con-inner\">\n\t\t<div class=\"elementor-element elementor-element-72febbf e-con-full e-flex e-con e-child\" data-id=\"72febbf\" data-element_type=\"container\">\n\t\t\t\t<div class=\"elementor-element elementor-element-ba22542 elementor-widget elementor-widget-menu-anchor\" data-id=\"ba22542\" data-element_type=\"widget\" data-widget_type=\"menu-anchor.default\">\n\t\t\t\t<div class=\"elementor-widget-container\">\n\t\t\t\t\t\t\t<div class=\"elementor-menu-anchor\" id=\"ueberuns\"><\/div>\n\t\t\t\t\t\t<\/div>\n\t\t\t\t<\/div>\n\t\t\t\t<div class=\"elementor-element elementor-element-75a9be0 elementor-widget elementor-widget-heading\" data-id=\"75a9be0\" data-element_type=\"widget\" data-widget_type=\"heading.default\">\n\t\t\t\t<div class=\"elementor-widget-container\">\n\t\t\t\t\t<h3 class=\"elementor-heading-title elementor-size-default\">Our <br>\nPhilosophy<\/h3>\t\t\t\t<\/div>\n\t\t\t\t<\/div>\n\t\t\t\t<div class=\"elementor-element elementor-element-c19496e elementor-widget elementor-widget-text-editor\" data-id=\"c19496e\" data-element_type=\"widget\" data-widget_type=\"text-editor.default\">\n\t\t\t\t<div class=\"elementor-widget-container\">\n\t\t\t\t\t\t\t\t\t<p>There is this longing for the here and now, for breaking out of the digital hamster wheel, and for experiencing life in its original form. Enjoying oneself, being outdoors, savoring the time. Experiencing instead of accomplishing. We want to create a place for this longing, local and close by. A place for people who crave nature. Without a packed schedule and a thousand options. A home in the middle of a vacation.<\/p>\t\t\t\t\t\t\t\t<\/div>\n\t\t\t\t<\/div>\n\t\t\t\t<div class=\"elementor-element elementor-element-566e9c5 e-transform my-btn elementor-widget elementor-widget-button\" data-id=\"566e9c5\" data-element_type=\"widget\" data-settings=\"{&quot;_transform_translateY_effect_hover&quot;:{&quot;unit&quot;:&quot;px&quot;,&quot;size&quot;:-3,&quot;sizes&quot;:[]},&quot;_transform_translateX_effect_hover&quot;:{&quot;unit&quot;:&quot;px&quot;,&quot;size&quot;:&quot;&quot;,&quot;sizes&quot;:[]},&quot;_transform_translateX_effect_hover_tablet&quot;:{&quot;unit&quot;:&quot;px&quot;,&quot;size&quot;:&quot;&quot;,&quot;sizes&quot;:[]},&quot;_transform_translateX_effect_hover_mobile&quot;:{&quot;unit&quot;:&quot;px&quot;,&quot;size&quot;:&quot;&quot;,&quot;sizes&quot;:[]},&quot;_transform_translateY_effect_hover_tablet&quot;:{&quot;unit&quot;:&quot;px&quot;,&quot;size&quot;:&quot;&quot;,&quot;sizes&quot;:[]},&quot;_transform_translateY_effect_hover_mobile&quot;:{&quot;unit&quot;:&quot;px&quot;,&quot;size&quot;:&quot;&quot;,&quot;sizes&quot;:[]}}\" data-widget_type=\"button.default\">\n\t\t\t\t<div class=\"elementor-widget-container\">\n\t\t\t\t\t\t\t\t\t<div class=\"elementor-button-wrapper\">\n\t\t\t\t\t<a class=\"elementor-button elementor-button-link elementor-size-sm\" href=\"https:\/\/www.dasgraueschaf.at\/en\/#buchung\" target=\"_blank\">\n\t\t\t\t\t\t<span class=\"elementor-button-content-wrapper\">\n\t\t\t\t\t\t\t\t\t<span class=\"elementor-button-text\">Book now<\/span>\n\t\t\t\t\t<\/span>\n\t\t\t\t\t<\/a>\n\t\t\t\t<\/div>\n\t\t\t\t\t\t\t\t<\/div>\n\t\t\t\t<\/div>\n\t\t\t\t<\/div>\n\t\t<div class=\"elementor-element elementor-element-f33bb8f e-con-full e-flex e-con e-child\" data-id=\"f33bb8f\" data-element_type=\"container\">\n\t\t\t\t<div class=\"elementor-element elementor-element-8ada03d imagehover elementor-widget elementor-widget-image\" data-id=\"8ada03d\" data-element_type=\"widget\" data-widget_type=\"image.default\">\n\t\t\t\t<div class=\"elementor-widget-container\">\n\t\t\t\t\t\t\t\t\t\t\t\t\t\t\t<img fetchpriority=\"high\" decoding=\"async\" width=\"642\" height=\"879\" src=\"https:\/\/www.dasgraueschaf.at\/wp-content\/uploads\/2023\/11\/das-graue-schaf_ferien-appartements_bad-kleinkirchheim_zimmer_holzverkleidung_parkettboden.webp\" class=\"attachment-large size-large wp-image-767\" alt=\"bio.design.appartments das-graue-schaf_ferien-appartements_bad-kleinkirchheim_zimmer_holzverkleidung_parkettboden\" srcset=\"https:\/\/www.dasgraueschaf.at\/wp-content\/uploads\/2023\/11\/das-graue-schaf_ferien-appartements_bad-kleinkirchheim_zimmer_holzverkleidung_parkettboden.webp 642w, https:\/\/www.dasgraueschaf.at\/wp-content\/uploads\/2023\/11\/das-graue-schaf_ferien-appartements_bad-kleinkirchheim_zimmer_holzverkleidung_parkettboden-219x300.webp 219w\" sizes=\"(max-width: 642px) 100vw, 642px\" title=\"\">\t\t\t\t\t\t\t\t\t\t\t\t\t\t\t<\/div>\n\t\t\t\t<\/div>\n\t\t\t\t<\/div>\n\t\t\t\t\t<\/div>\n\t\t\t\t<\/div>\n\t\t<div class=\"elementor-element elementor-element-ba733d0 e-flex e-con-boxed elementor-invisible e-con e-parent\" data-id=\"ba733d0\" data-element_type=\"container\" data-settings=\"{&quot;animation&quot;:&quot;fadeInUp&quot;,&quot;animation_delay&quot;:300}\">\n\t\t\t\t\t<div class=\"e-con-inner\">\n\t\t<div class=\"elementor-element elementor-element-68baf9c e-con-full e-flex e-con e-child\" data-id=\"68baf9c\" data-element_type=\"container\">\n\t\t\t\t<div class=\"elementor-element elementor-element-47f80b2 elementor-widget elementor-widget-heading\" data-id=\"47f80b2\" data-element_type=\"widget\" data-widget_type=\"heading.default\">\n\t\t\t\t<div class=\"elementor-widget-container\">\n\t\t\t\t\t<h3 class=\"elementor-heading-title elementor-size-default\">Sustainable <br>\nOrganic Design<\/h3>\t\t\t\t<\/div>\n\t\t\t\t<\/div>\n\t\t\t\t<div class=\"elementor-element elementor-element-3ff6902 elementor-widget elementor-widget-text-editor\" data-id=\"3ff6902\" data-element_type=\"widget\" data-widget_type=\"text-editor.default\">\n\t\t\t\t<div class=\"elementor-widget-container\">\n\t\t\t\t\t\t\t\t\t<p>Our organic design apartments offer a stylish holiday ambience in a healthy design. For design lovers, families and couples for whom a sustainable, ecological overall package is important.<\/p><p>With the consistent use of natural and local building materials, our guests experience a pleasant indoor climate with a view of unspoilt natural landscapes. Carefree and light, made with love.<\/p>\t\t\t\t\t\t\t\t<\/div>\n\t\t\t\t<\/div>\n\t\t\t\t<\/div>\n\t\t<div class=\"elementor-element elementor-element-91180e7 e-con-full e-flex e-con e-child\" data-id=\"91180e7\" data-element_type=\"container\">\n\t\t\t\t<div class=\"elementor-element elementor-element-d1e66f6 imagehover elementor-widget elementor-widget-image\" data-id=\"d1e66f6\" data-element_type=\"widget\" data-widget_type=\"image.default\">\n\t\t\t\t<div class=\"elementor-widget-container\">\n\t\t\t\t\t\t\t\t\t\t\t\t\t\t\t<img decoding=\"async\" width=\"642\" height=\"879\" src=\"https:\/\/www.dasgraueschaf.at\/wp-content\/uploads\/2023\/11\/das-graue-schaf_ferien-appartements_bad-kleinkirchheim_holzfassade.webp\" class=\"attachment-large size-large wp-image-765\" alt=\"the-grey-sheep_holiday-apartments_bad-kleinkirchheim_wooden_fa\u00e7ade\" srcset=\"https:\/\/www.dasgraueschaf.at\/wp-content\/uploads\/2023\/11\/das-graue-schaf_ferien-appartements_bad-kleinkirchheim_holzfassade.webp 642w, https:\/\/www.dasgraueschaf.at\/wp-content\/uploads\/2023\/11\/das-graue-schaf_ferien-appartements_bad-kleinkirchheim_holzfassade-219x300.webp 219w\" sizes=\"(max-width: 642px) 100vw, 642px\" title=\"\">\t\t\t\t\t\t\t\t\t\t\t\t\t\t\t<\/div>\n\t\t\t\t<\/div>\n\t\t\t\t<\/div>\n\t\t\t\t\t<\/div>\n\t\t\t\t<\/div>\n\t\t<div class=\"elementor-element elementor-element-55ee731 e-flex e-con-boxed e-con e-parent\" data-id=\"55ee731\" data-element_type=\"container\">\n\t\t\t\t\t<div class=\"e-con-inner\">\n\t\t\t\t<div class=\"elementor-element elementor-element-d1e2487 elementor-widget-divider--view-line elementor-widget elementor-widget-divider\" data-id=\"d1e2487\" data-element_type=\"widget\" data-widget_type=\"divider.default\">\n\t\t\t\t<div class=\"elementor-widget-container\">\n\t\t\t\t\t\t\t<div class=\"elementor-divider\">\n\t\t\t<span class=\"elementor-divider-separator\">\n\t\t\t\t\t\t<\/span>\n\t\t<\/div>\n\t\t\t\t\t\t<\/div>\n\t\t\t\t<\/div>\n\t\t\t\t\t<\/div>\n\t\t\t\t<\/div>\n\t\t<div class=\"elementor-element elementor-element-e3bca8a e-flex e-con-boxed elementor-invisible e-con e-parent\" data-id=\"e3bca8a\" data-element_type=\"container\" data-settings=\"{&quot;animation&quot;:&quot;fadeInUp&quot;,&quot;animation_delay&quot;:300}\">\n\t\t\t\t\t<div class=\"e-con-inner\">\n\t\t\t\t<div class=\"elementor-element elementor-element-14a6a45 elementor-widget elementor-widget-menu-anchor\" data-id=\"14a6a45\" data-element_type=\"widget\" data-widget_type=\"menu-anchor.default\">\n\t\t\t\t<div class=\"elementor-widget-container\">\n\t\t\t\t\t\t\t<div class=\"elementor-menu-anchor\" id=\"appartements\"><\/div>\n\t\t\t\t\t\t<\/div>\n\t\t\t\t<\/div>\n\t\t\t\t<div class=\"elementor-element elementor-element-bc642ef elementor-widget elementor-widget-heading\" data-id=\"bc642ef\" data-element_type=\"widget\" data-widget_type=\"heading.default\">\n\t\t\t\t<div class=\"elementor-widget-container\">\n\t\t\t\t\t<h2 class=\"elementor-heading-title elementor-size-default\">The apartments<\/h2>\t\t\t\t<\/div>\n\t\t\t\t<\/div>\n\t\t<div class=\"elementor-element elementor-element-ae71099 elementor-hidden-tablet elementor-hidden-mobile e-flex e-con-boxed e-con e-child\" data-id=\"ae71099\" data-element_type=\"container\">\n\t\t\t\t\t<div class=\"e-con-inner\">\n\t\t\t\t<div class=\"elementor-element elementor-element-2093d54 elementor-arrows-position-outside elementor-pagination-position-outside elementor-widget elementor-widget-image-carousel\" data-id=\"2093d54\" data-element_type=\"widget\" data-settings=\"{&quot;slides_to_show&quot;:&quot;1&quot;,&quot;lazyload&quot;:&quot;yes&quot;,&quot;pause_on_hover&quot;:&quot;no&quot;,&quot;effect&quot;:&quot;fade&quot;,&quot;navigation&quot;:&quot;both&quot;,&quot;autoplay&quot;:&quot;yes&quot;,&quot;pause_on_interaction&quot;:&quot;yes&quot;,&quot;autoplay_speed&quot;:5000,&quot;infinite&quot;:&quot;yes&quot;,&quot;speed&quot;:500}\" data-widget_type=\"image-carousel.default\">\n\t\t\t\t<div class=\"elementor-widget-container\">\n\t\t\t\t\t\t\t<div class=\"elementor-image-carousel-wrapper swiper\" role=\"region\" aria-roledescription=\"carousel\" aria-label=\"Bild Karussell\" dir=\"ltr\">\n\t\t\t<div class=\"elementor-image-carousel swiper-wrapper\" aria-live=\"off\">\n\t\t\t\t\t\t\t\t<div class=\"swiper-slide\" role=\"group\" aria-roledescription=\"slide\" aria-label=\"1 from 9\"><figure class=\"swiper-slide-inner\"><img class=\"swiper-slide-image swiper-lazy\" data-src=\"https:\/\/www.dasgraueschaf.at\/wp-content\/uploads\/elementor\/thumbs\/01_das-graue-schaf_ferien-appartements_bad-kleinkirchheim_kueche_kamin-qqy1je532ekhu7cjigajeugo4zbpkujkcpnjlgy5eg.jpg\" alt=\"01_das-graue-schaf_ferien-appartements_bad-kleinkirchheim_kitchen_kamin\" \/><div class=\"swiper-lazy-preloader\"><\/div><\/figure><\/div><div class=\"swiper-slide\" role=\"group\" aria-roledescription=\"slide\" aria-label=\"2 from 9\"><figure class=\"swiper-slide-inner\"><img class=\"swiper-slide-image swiper-lazy\" data-src=\"https:\/\/www.dasgraueschaf.at\/wp-content\/uploads\/elementor\/thumbs\/03_das-graue-schaf_ferien-appartements_bad-kleinkirchheim_detail_kueche_metrofliesen-qfaw7n61vl5rwqj5ygfgxg53hwlyz1o8gdv6locrtu.webp\" alt=\"03_das-graue-schaf_ferien-appartements_bad-kleinkirchheim_detail_kitchen_metro_tiles\" \/><div class=\"swiper-lazy-preloader\"><\/div><\/figure><\/div><div class=\"swiper-slide\" role=\"group\" aria-roledescription=\"slide\" aria-label=\"3 from 9\"><figure class=\"swiper-slide-inner\"><img class=\"swiper-slide-image swiper-lazy\" data-src=\"https:\/\/www.dasgraueschaf.at\/wp-content\/uploads\/elementor\/thumbs\/04_das-graue-schaf_ferien-appartements_bad-kleinkirchheim_wohnen-mit-ausblick-qfaw7n61vl5rwqj5ygfgxg53hwlyz1o8gdv6locrtu.webp\" alt=\"04_das-graue-schaf_ferien-appartements_bad-kleinkirchheim_living-with-a-view\" \/><div class=\"swiper-lazy-preloader\"><\/div><\/figure><\/div><div class=\"swiper-slide\" role=\"group\" aria-roledescription=\"slide\" aria-label=\"4 from 9\"><figure class=\"swiper-slide-inner\"><img class=\"swiper-slide-image swiper-lazy\" data-src=\"https:\/\/www.dasgraueschaf.at\/wp-content\/uploads\/elementor\/thumbs\/05_das-graue-schaf_ferien-appartements_bad-kleinkirchheim_panoramafenster-qfaw7m87or4hl4kj3y0ucydmwiqlrcki497p4ee602.webp\" alt=\"05_das-graue-schaf_ferien-appartements_bad-kleinkirchheim_panorama_window\" \/><div class=\"swiper-lazy-preloader\"><\/div><\/figure><\/div><div class=\"swiper-slide\" role=\"group\" aria-roledescription=\"slide\" aria-label=\"5 from 9\"><figure class=\"swiper-slide-inner\"><img class=\"swiper-slide-image swiper-lazy\" data-src=\"https:\/\/www.dasgraueschaf.at\/wp-content\/uploads\/elementor\/thumbs\/10_das-graue-schaf_ferien-appartements_bad-kleinkirchheim_duschen-mit-ausblick-qfaw7kcjb31wxwn9ex7l7yuppqzvbyd1fzwq5ugyci.webp\" alt=\"10_das-graue-schaf_ferien-appartements_bad-kleinkirchheim_showers-with-a-view\" \/><div class=\"swiper-lazy-preloader\"><\/div><\/figure><\/div><div class=\"swiper-slide\" role=\"group\" aria-roledescription=\"slide\" aria-label=\"6 from 9\"><figure class=\"swiper-slide-inner\"><img class=\"swiper-slide-image swiper-lazy\" data-src=\"https:\/\/www.dasgraueschaf.at\/wp-content\/uploads\/elementor\/thumbs\/11_das-graue-schaf_ferien-appartements_bad-kleinkirchheim_badezimmer-qfaw7jep490mmaomkesynh394d4i499b3v98okiciq.webp\" alt=\"11_das-graue-schaf_ferien-appartements_bad-kleinkirchheim_bathroom\" \/><div class=\"swiper-lazy-preloader\"><\/div><\/figure><\/div><div class=\"swiper-slide\" role=\"group\" aria-roledescription=\"slide\" aria-label=\"7 from 9\"><figure class=\"swiper-slide-inner\"><img class=\"swiper-slide-image swiper-lazy\" data-src=\"https:\/\/www.dasgraueschaf.at\/wp-content\/uploads\/elementor\/thumbs\/08_das-graue-schaf_ferien-appartements_bad-kleinkirchheim_aussen_garderobe_detail-qfaw7ladhx379ilw9fm7sgm6b4v8jngrs4k7n4fk6a.webp\" alt=\"08_das-graue-schaf_ferien-appartements_bad-kleinkirchheim_exterior_garderobe_detail\" \/><div class=\"swiper-lazy-preloader\"><\/div><\/figure><\/div><div class=\"swiper-slide\" role=\"group\" aria-roledescription=\"slide\" aria-label=\"8 from 9\"><figure class=\"swiper-slide-inner\"><img class=\"swiper-slide-image swiper-lazy\" data-src=\"https:\/\/www.dasgraueschaf.at\/wp-content\/uploads\/elementor\/thumbs\/01_das-graue-schaf_ferien-appartements_bad-kleinkirchheim_naturholzboden_schlafbereich-qqy1jg0rg2n2hf9t7h3sjtzlbr2g08r10yyik0vd20.jpg\" alt=\"01_das-graue-schaf_ferien-appartements_bad-kleinkirchheim_natural_wood_floor_sleeping_area\" \/><div class=\"swiper-lazy-preloader\"><\/div><\/figure><\/div><div class=\"swiper-slide\" role=\"group\" aria-roledescription=\"slide\" aria-label=\"9 from 9\"><figure class=\"swiper-slide-inner\"><img class=\"swiper-slide-image swiper-lazy\" data-src=\"https:\/\/www.dasgraueschaf.at\/wp-content\/uploads\/elementor\/thumbs\/07_das-graue-schaf_ferien-appartements_bad-kleinkirchheim_schlafzimmer_holzbauweise-qfaw7ladhx379ilw9fm7sgm6b4v8jngrs4k7n4fk6a.webp\" alt=\"07_das-graue-schaf_ferien-appartements_bad-kleinkirchheim_bedrooms_wooden_construction\" \/><div class=\"swiper-lazy-preloader\"><\/div><\/figure><\/div>\t\t\t<\/div>\n\t\t\t\t\t\t\t\t\t\t\t\t<div class=\"elementor-swiper-button elementor-swiper-button-prev\" role=\"button\" tabindex=\"0\">\n\t\t\t\t\t\t<svg xmlns=\"http:\/\/www.w3.org\/2000\/svg\" width=\"58\" height=\"58\" viewbox=\"0 0 58 58\"><g id=\"Gruppe_3\" data-name=\"Gruppe 3\" transform=\"translate(427 262.16) rotate(180)\"><circle id=\"Ellipse_1\" data-name=\"Ellipse 1\" cx=\"29\" cy=\"29\" r=\"29\" transform=\"translate(369 204.16)\" fill=\"#ebebeb\"><\/circle><path id=\"Icon_ionic-ios-arrow-round-forward\" data-name=\"Icon ionic-ios-arrow-round-forward\" d=\"M22.713,11.549a1.057,1.057,0,0,0-.008,1.488l4.918,4.925H8.909a1.051,1.051,0,1,0,0,2.1h18.7L22.7,24.987a1.064,1.064,0,0,0,.008,1.488,1.047,1.047,0,0,0,1.48-.008l6.663-6.71h0a1.182,1.182,0,0,0,.218-.331,1,1,0,0,0,.081-.4,1.054,1.054,0,0,0-.3-.736l-6.663-6.713a1.03,1.03,0,0,0-1.472-.025Z\" transform=\"translate(378.156 214.026)\" fill=\"#232323\"><\/path><\/g><\/svg>\t\t\t\t\t<\/div>\n\t\t\t\t\t<div class=\"elementor-swiper-button elementor-swiper-button-next\" role=\"button\" tabindex=\"0\">\n\t\t\t\t\t\t<svg xmlns=\"http:\/\/www.w3.org\/2000\/svg\" width=\"58\" height=\"58\" viewbox=\"0 0 58 58\"><g id=\"Gruppe_3\" data-name=\"Gruppe 3\" transform=\"translate(-369 -204.16)\"><circle id=\"Ellipse_1\" data-name=\"Ellipse 1\" cx=\"29\" cy=\"29\" r=\"29\" transform=\"translate(369 204.16)\" fill=\"#ebebeb\"><\/circle><path id=\"Icon_ionic-ios-arrow-round-forward\" data-name=\"Icon ionic-ios-arrow-round-forward\" d=\"M22.713,11.549a1.057,1.057,0,0,0-.008,1.488l4.918,4.925H8.909a1.051,1.051,0,1,0,0,2.1h18.7L22.7,24.987a1.064,1.064,0,0,0,.008,1.488,1.047,1.047,0,0,0,1.48-.008l6.663-6.71h0a1.182,1.182,0,0,0,.218-.331,1,1,0,0,0,.081-.4,1.054,1.054,0,0,0-.3-.736l-6.663-6.713a1.03,1.03,0,0,0-1.472-.025Z\" transform=\"translate(378.156 214.026)\" fill=\"#232323\"><\/path><\/g><\/svg>\t\t\t\t\t<\/div>\n\t\t\t\t\n\t\t\t\t\t\t\t\t\t<div class=\"swiper-pagination\"><\/div>\n\t\t\t\t\t\t\t\t\t<\/div>\n\t\t\t\t\t\t<\/div>\n\t\t\t\t<\/div>\n\t\t\t\t\t<\/div>\n\t\t\t\t<\/div>\n\t\t<div class=\"elementor-element elementor-element-73ace12 elementor-hidden-desktop e-flex e-con-boxed e-con e-child\" data-id=\"73ace12\" data-element_type=\"container\">\n\t\t\t\t\t<div class=\"e-con-inner\">\n\t\t\t\t<div class=\"elementor-element elementor-element-73ebc45 elementor-pagination-position-outside elementor-widget elementor-widget-image-carousel\" data-id=\"73ebc45\" data-element_type=\"widget\" data-settings=\"{&quot;slides_to_show&quot;:&quot;1&quot;,&quot;lazyload&quot;:&quot;yes&quot;,&quot;pause_on_hover&quot;:&quot;no&quot;,&quot;effect&quot;:&quot;fade&quot;,&quot;navigation&quot;:&quot;dots&quot;,&quot;autoplay&quot;:&quot;yes&quot;,&quot;pause_on_interaction&quot;:&quot;yes&quot;,&quot;autoplay_speed&quot;:5000,&quot;infinite&quot;:&quot;yes&quot;,&quot;speed&quot;:500}\" data-widget_type=\"image-carousel.default\">\n\t\t\t\t<div class=\"elementor-widget-container\">\n\t\t\t\t\t\t\t<div class=\"elementor-image-carousel-wrapper swiper\" role=\"region\" aria-roledescription=\"carousel\" aria-label=\"Bild Karussell\" dir=\"ltr\">\n\t\t\t<div class=\"elementor-image-carousel swiper-wrapper\" aria-live=\"off\">\n\t\t\t\t\t\t\t\t<div class=\"swiper-slide\" role=\"group\" aria-roledescription=\"slide\" aria-label=\"1 from 12\"><figure class=\"swiper-slide-inner\"><img class=\"swiper-slide-image swiper-lazy\" data-src=\"https:\/\/www.dasgraueschaf.at\/wp-content\/uploads\/elementor\/thumbs\/01_das-graue-schaf_ferien-appartements_bad-kleinkirchheim_naturholzboden_wohnbereich-qfaw7o3w2f728chssyu3hxwk3ahc6qrysiio2ybdnm.webp\" alt=\"01_das-graue-schaf_ferien-appartements_bad-kleinkirchheim_natural_wood_flooring_living_area\" \/><div class=\"swiper-lazy-preloader\"><\/div><\/figure><\/div><div class=\"swiper-slide\" role=\"group\" aria-roledescription=\"slide\" aria-label=\"2 from 12\"><figure class=\"swiper-slide-inner\"><img class=\"swiper-slide-image swiper-lazy\" data-src=\"https:\/\/www.dasgraueschaf.at\/wp-content\/uploads\/elementor\/thumbs\/02_das-graue-schaf_ferien-appartements_bad-kleinkirchheim_kochen-essen-balkon-qfaw7o3w2f728chssyu3hxwk3ahc6qrysiio2ybdnm.webp\" alt=\"02_das-graue-schaf_ferien-appartements_bad-kleinkirchheim_cooking-eating-balcony\" \/><div class=\"swiper-lazy-preloader\"><\/div><\/figure><\/div><div class=\"swiper-slide\" role=\"group\" aria-roledescription=\"slide\" aria-label=\"3 from 12\"><figure class=\"swiper-slide-inner\"><img class=\"swiper-slide-image swiper-lazy\" data-src=\"https:\/\/www.dasgraueschaf.at\/wp-content\/uploads\/elementor\/thumbs\/03_das-graue-schaf_ferien-appartements_bad-kleinkirchheim_detail_kueche_metrofliesen-qfaw7n61vl5rwqj5ygfgxg53hwlyz1o8gdv6locrtu.webp\" alt=\"03_das-graue-schaf_ferien-appartements_bad-kleinkirchheim_detail_kitchen_metro_tiles\" \/><div class=\"swiper-lazy-preloader\"><\/div><\/figure><\/div><div class=\"swiper-slide\" role=\"group\" aria-roledescription=\"slide\" aria-label=\"4 from 12\"><figure class=\"swiper-slide-inner\"><img class=\"swiper-slide-image swiper-lazy\" data-src=\"https:\/\/www.dasgraueschaf.at\/wp-content\/uploads\/elementor\/thumbs\/04_das-graue-schaf_ferien-appartements_bad-kleinkirchheim_wohnen-mit-ausblick-qfaw7n61vl5rwqj5ygfgxg53hwlyz1o8gdv6locrtu.webp\" alt=\"04_das-graue-schaf_ferien-appartements_bad-kleinkirchheim_living-with-a-view\" \/><div class=\"swiper-lazy-preloader\"><\/div><\/figure><\/div><div class=\"swiper-slide\" role=\"group\" aria-roledescription=\"slide\" aria-label=\"5 from 12\"><figure class=\"swiper-slide-inner\"><img class=\"swiper-slide-image swiper-lazy\" data-src=\"https:\/\/www.dasgraueschaf.at\/wp-content\/uploads\/elementor\/thumbs\/05_das-graue-schaf_ferien-appartements_bad-kleinkirchheim_panoramafenster-qfaw7m87or4hl4kj3y0ucydmwiqlrcki497p4ee602.webp\" alt=\"05_das-graue-schaf_ferien-appartements_bad-kleinkirchheim_panorama_window\" \/><div class=\"swiper-lazy-preloader\"><\/div><\/figure><\/div><div class=\"swiper-slide\" role=\"group\" aria-roledescription=\"slide\" aria-label=\"6 from 12\"><figure class=\"swiper-slide-inner\"><img class=\"swiper-slide-image swiper-lazy\" data-src=\"https:\/\/www.dasgraueschaf.at\/wp-content\/uploads\/elementor\/thumbs\/06_das-graue-schaf_ferien-appartements_bad-kleinkirchheim_sofaecke_flower-pot-qfaw7m87or4hl4kj3y0ucydmwiqlrcki497p4ee602.webp\" alt=\"06_das-graue-schaf_ferien-appartements_bad-kleinkirchheim_sofa_corner_flower-pot\" \/><div class=\"swiper-lazy-preloader\"><\/div><\/figure><\/div><div class=\"swiper-slide\" role=\"group\" aria-roledescription=\"slide\" aria-label=\"7 from 12\"><figure class=\"swiper-slide-inner\"><img class=\"swiper-slide-image swiper-lazy\" data-src=\"https:\/\/www.dasgraueschaf.at\/wp-content\/uploads\/elementor\/thumbs\/07_das-graue-schaf_ferien-appartements_bad-kleinkirchheim_schlafzimmer_holzbauweise-qfaw7ladhx379ilw9fm7sgm6b4v8jngrs4k7n4fk6a.webp\" alt=\"07_das-graue-schaf_ferien-appartements_bad-kleinkirchheim_bedrooms_wooden_construction\" \/><div class=\"swiper-lazy-preloader\"><\/div><\/figure><\/div><div class=\"swiper-slide\" role=\"group\" aria-roledescription=\"slide\" aria-label=\"8 from 12\"><figure class=\"swiper-slide-inner\"><img class=\"swiper-slide-image swiper-lazy\" data-src=\"https:\/\/www.dasgraueschaf.at\/wp-content\/uploads\/elementor\/thumbs\/08_das-graue-schaf_ferien-appartements_bad-kleinkirchheim_aussen_garderobe_detail-qfaw7ladhx379ilw9fm7sgm6b4v8jngrs4k7n4fk6a.webp\" alt=\"08_das-graue-schaf_ferien-appartements_bad-kleinkirchheim_exterior_garderobe_detail\" \/><div class=\"swiper-lazy-preloader\"><\/div><\/figure><\/div><div class=\"swiper-slide\" role=\"group\" aria-roledescription=\"slide\" aria-label=\"9 from 12\"><figure class=\"swiper-slide-inner\"><img class=\"swiper-slide-image swiper-lazy\" data-src=\"https:\/\/www.dasgraueschaf.at\/wp-content\/uploads\/elementor\/thumbs\/09_das-graue-schaf_ferien-appartements_bad-kleinkirchheim_schlafzimmer_holzboden-qfaw7kcjb31wxwn9ex7l7yuppqzvbyd1fzwq5ugyci.webp\" alt=\"09_das-graue-schaf_ferien-appartements_bad-kleinkirchheim_bedroom_wooden_floor\" \/><div class=\"swiper-lazy-preloader\"><\/div><\/figure><\/div><div class=\"swiper-slide\" role=\"group\" aria-roledescription=\"slide\" aria-label=\"10 from 12\"><figure class=\"swiper-slide-inner\"><img class=\"swiper-slide-image swiper-lazy\" data-src=\"https:\/\/www.dasgraueschaf.at\/wp-content\/uploads\/elementor\/thumbs\/10_das-graue-schaf_ferien-appartements_bad-kleinkirchheim_duschen-mit-ausblick-qfaw7kcjb31wxwn9ex7l7yuppqzvbyd1fzwq5ugyci.webp\" alt=\"10_das-graue-schaf_ferien-appartements_bad-kleinkirchheim_showers-with-a-view\" \/><div class=\"swiper-lazy-preloader\"><\/div><\/figure><\/div><div class=\"swiper-slide\" role=\"group\" aria-roledescription=\"slide\" aria-label=\"11 from 12\"><figure class=\"swiper-slide-inner\"><img class=\"swiper-slide-image swiper-lazy\" data-src=\"https:\/\/www.dasgraueschaf.at\/wp-content\/uploads\/elementor\/thumbs\/11_das-graue-schaf_ferien-appartements_bad-kleinkirchheim_badezimmer-qfaw7jep490mmaomkesynh394d4i499b3v98okiciq.webp\" alt=\"11_das-graue-schaf_ferien-appartements_bad-kleinkirchheim_bathroom\" \/><div class=\"swiper-lazy-preloader\"><\/div><\/figure><\/div><div class=\"swiper-slide\" role=\"group\" aria-roledescription=\"slide\" aria-label=\"12 from 12\"><figure class=\"swiper-slide-inner\"><img class=\"swiper-slide-image swiper-lazy\" data-src=\"https:\/\/www.dasgraueschaf.at\/wp-content\/uploads\/elementor\/thumbs\/das-graue-schaf_ferien-appartements_bad-kleinkirchheim_wellness-ruhebereich-qfsebiqt5hoeukxo1oqfv91aj2o0rz3cj5hxf6qsbm.webp\" alt=\"the-grey-sheep_holiday-apartments_bad-kleinkirchheim_wellness-rest-area\" \/><div class=\"swiper-lazy-preloader\"><\/div><\/figure><\/div>\t\t\t<\/div>\n\t\t\t\t\t\t\t\n\t\t\t\t\t\t\t\t\t<div class=\"swiper-pagination\"><\/div>\n\t\t\t\t\t\t\t\t\t<\/div>\n\t\t\t\t\t\t<\/div>\n\t\t\t\t<\/div>\n\t\t\t\t\t<\/div>\n\t\t\t\t<\/div>\n\t\t<div class=\"elementor-element elementor-element-1f88016 e-flex e-con-boxed e-con e-child\" data-id=\"1f88016\" data-element_type=\"container\">\n\t\t\t\t\t<div class=\"e-con-inner\">\n\t\t\t\t<div class=\"elementor-element elementor-element-2273063 elementor-widget elementor-widget-heading\" data-id=\"2273063\" data-element_type=\"widget\" data-widget_type=\"heading.default\">\n\t\t\t\t<div class=\"elementor-widget-container\">\n\t\t\t\t\t<h4 class=\"elementor-heading-title elementor-size-default\">In the middle of nature\nin Bad Kleinkirchheim<\/h4>\t\t\t\t<\/div>\n\t\t\t\t<\/div>\n\t\t\t\t\t<\/div>\n\t\t\t\t<\/div>\n\t\t<div class=\"elementor-element elementor-element-0a7fae7 e-flex e-con-boxed e-con e-child\" data-id=\"0a7fae7\" data-element_type=\"container\">\n\t\t\t\t\t<div class=\"e-con-inner\">\n\t\t\t\t<div class=\"elementor-element elementor-element-ec1936f elementor-widget elementor-widget-text-editor\" data-id=\"ec1936f\" data-element_type=\"widget\" data-widget_type=\"text-editor.default\">\n\t\t\t\t<div class=\"elementor-widget-container\">\n\t\t\t\t\t\t\t\t\t<p>Eight cozy apartments with views of the Nockberge mountains and the neighbor's sheep. Bright rooms, large windows, and balconies connect the apartments with the vast landscape. Each apartment has a fully equipped kitchen and a comfortable dining area.<\/p><p>Natu\u0308rliche Materialien, sch\u00f6ne Details, heimisches Holz, flauschige Stoffe, Leinen und die atmosph\u00e4rische Beleuchtung vermitteln Geborgenheit. F\u00fcr Entspannung sorgt der Wellnessbereich mit finnischer Sauna, Dampfbad<br \/>und Yogaraum. Ein gro\u00dfer Garten mit Feuerstelle und Brunnen l\u00e4dt zum Verweilen ein.<\/p>\t\t\t\t\t\t\t\t<\/div>\n\t\t\t\t<\/div>\n\t\t\t\t\t<\/div>\n\t\t\t\t<\/div>\n\t\t\t\t\t<\/div>\n\t\t\t\t<\/div>\n\t\t<div class=\"elementor-element elementor-element-512f505 e-flex e-con-boxed e-con e-parent\" data-id=\"512f505\" data-element_type=\"container\">\n\t\t\t\t\t<div class=\"e-con-inner\">\n\t\t<div class=\"elementor-element elementor-element-a8e994c e-con-full e-flex e-con e-child\" data-id=\"a8e994c\" data-element_type=\"container\">\n\t\t\t\t<div class=\"elementor-element elementor-element-19a2c5b elementor-widget elementor-widget-heading\" data-id=\"19a2c5b\" data-element_type=\"widget\" data-widget_type=\"heading.default\">\n\t\t\t\t<div class=\"elementor-widget-container\">\n\t\t\t\t\t<h5 class=\"elementor-heading-title elementor-size-default\">For up to 2-4 adults or 2 adults with up to 3 children.<\/h5>\t\t\t\t<\/div>\n\t\t\t\t<\/div>\n\t\t\t\t<\/div>\n\t\t<div class=\"elementor-element elementor-element-a4c72fd e-flex e-con-boxed e-con e-child\" data-id=\"a4c72fd\" data-element_type=\"container\">\n\t\t\t\t\t<div class=\"e-con-inner\">\n\t\t<div class=\"elementor-element elementor-element-e45fb72 e-con-full e-flex e-con e-child\" data-id=\"e45fb72\" data-element_type=\"container\">\n\t\t\t\t<div class=\"elementor-element elementor-element-c8a277c e-transform elementor-widget elementor-widget-image\" data-id=\"c8a277c\" data-element_type=\"widget\" data-settings=\"{&quot;_transform_scale_effect_hover&quot;:{&quot;unit&quot;:&quot;px&quot;,&quot;size&quot;:1.03,&quot;sizes&quot;:[]},&quot;_transform_scale_effect_hover_tablet&quot;:{&quot;unit&quot;:&quot;px&quot;,&quot;size&quot;:&quot;&quot;,&quot;sizes&quot;:[]},&quot;_transform_scale_effect_hover_mobile&quot;:{&quot;unit&quot;:&quot;px&quot;,&quot;size&quot;:&quot;&quot;,&quot;sizes&quot;:[]}}\" data-widget_type=\"image.default\">\n\t\t\t\t<div class=\"elementor-widget-container\">\n\t\t\t\t\t\t\t\t\t\t\t\t\t\t\t<img decoding=\"async\" width=\"800\" height=\"822\" src=\"https:\/\/www.dasgraueschaf.at\/wp-content\/uploads\/2023\/10\/230124_Saaser-Mutte-997x1024.webp\" class=\"attachment-large size-large wp-image-524\" alt=\"\" srcset=\"https:\/\/www.dasgraueschaf.at\/wp-content\/uploads\/2023\/10\/230124_Saaser-Mutte-997x1024.webp 997w, https:\/\/www.dasgraueschaf.at\/wp-content\/uploads\/2023\/10\/230124_Saaser-Mutte-292x300.webp 292w, https:\/\/www.dasgraueschaf.at\/wp-content\/uploads\/2023\/10\/230124_Saaser-Mutte-768x789.webp 768w, https:\/\/www.dasgraueschaf.at\/wp-content\/uploads\/2023\/10\/230124_Saaser-Mutte-1495x1536.webp 1495w, https:\/\/www.dasgraueschaf.at\/wp-content\/uploads\/2023\/10\/230124_Saaser-Mutte-1993x2048.webp 1993w\" sizes=\"(max-width: 800px) 100vw, 800px\" title=\"\">\t\t\t\t\t\t\t\t\t\t\t\t\t\t\t<\/div>\n\t\t\t\t<\/div>\n\t\t\t\t<\/div>\n\t\t<div class=\"elementor-element elementor-element-b562daa e-con-full e-flex e-con e-child\" data-id=\"b562daa\" data-element_type=\"container\">\n\t\t\t\t<div class=\"elementor-element elementor-element-93fedce e-transform elementor-widget elementor-widget-image\" data-id=\"93fedce\" data-element_type=\"widget\" data-settings=\"{&quot;_transform_scale_effect_hover&quot;:{&quot;unit&quot;:&quot;px&quot;,&quot;size&quot;:1.03,&quot;sizes&quot;:[]},&quot;_transform_scale_effect_hover_tablet&quot;:{&quot;unit&quot;:&quot;px&quot;,&quot;size&quot;:&quot;&quot;,&quot;sizes&quot;:[]},&quot;_transform_scale_effect_hover_mobile&quot;:{&quot;unit&quot;:&quot;px&quot;,&quot;size&quot;:&quot;&quot;,&quot;sizes&quot;:[]}}\" data-widget_type=\"image.default\">\n\t\t\t\t<div class=\"elementor-widget-container\">\n\t\t\t\t\t\t\t\t\t\t\t\t\t\t\t<img loading=\"lazy\" decoding=\"async\" width=\"800\" height=\"822\" src=\"https:\/\/www.dasgraueschaf.at\/wp-content\/uploads\/2023\/10\/230209_Cigaja-997x1024.webp\" class=\"attachment-large size-large wp-image-523\" alt=\"\" srcset=\"https:\/\/www.dasgraueschaf.at\/wp-content\/uploads\/2023\/10\/230209_Cigaja-997x1024.webp 997w, https:\/\/www.dasgraueschaf.at\/wp-content\/uploads\/2023\/10\/230209_Cigaja-292x300.webp 292w, https:\/\/www.dasgraueschaf.at\/wp-content\/uploads\/2023\/10\/230209_Cigaja-768x789.webp 768w, https:\/\/www.dasgraueschaf.at\/wp-content\/uploads\/2023\/10\/230209_Cigaja-1495x1536.webp 1495w, https:\/\/www.dasgraueschaf.at\/wp-content\/uploads\/2023\/10\/230209_Cigaja-1993x2048.webp 1993w\" sizes=\"(max-width: 800px) 100vw, 800px\" title=\"\">\t\t\t\t\t\t\t\t\t\t\t\t\t\t\t<\/div>\n\t\t\t\t<\/div>\n\t\t\t\t<\/div>\n\t\t<div class=\"elementor-element elementor-element-5341b1f e-con-full e-flex e-con e-child\" data-id=\"5341b1f\" data-element_type=\"container\">\n\t\t\t\t<div class=\"elementor-element elementor-element-b7af18c e-transform elementor-widget elementor-widget-image\" data-id=\"b7af18c\" data-element_type=\"widget\" data-settings=\"{&quot;_transform_scale_effect_hover&quot;:{&quot;unit&quot;:&quot;px&quot;,&quot;size&quot;:1.03,&quot;sizes&quot;:[]},&quot;_transform_scale_effect_hover_tablet&quot;:{&quot;unit&quot;:&quot;px&quot;,&quot;size&quot;:&quot;&quot;,&quot;sizes&quot;:[]},&quot;_transform_scale_effect_hover_mobile&quot;:{&quot;unit&quot;:&quot;px&quot;,&quot;size&quot;:&quot;&quot;,&quot;sizes&quot;:[]}}\" data-widget_type=\"image.default\">\n\t\t\t\t<div class=\"elementor-widget-container\">\n\t\t\t\t\t\t\t\t\t\t\t\t\t\t\t<img loading=\"lazy\" decoding=\"async\" width=\"800\" height=\"822\" src=\"https:\/\/www.dasgraueschaf.at\/wp-content\/uploads\/2023\/10\/230209_Skudde-997x1024.webp\" class=\"attachment-large size-large wp-image-522\" alt=\"\" srcset=\"https:\/\/www.dasgraueschaf.at\/wp-content\/uploads\/2023\/10\/230209_Skudde-997x1024.webp 997w, https:\/\/www.dasgraueschaf.at\/wp-content\/uploads\/2023\/10\/230209_Skudde-292x300.webp 292w, https:\/\/www.dasgraueschaf.at\/wp-content\/uploads\/2023\/10\/230209_Skudde-768x789.webp 768w, https:\/\/www.dasgraueschaf.at\/wp-content\/uploads\/2023\/10\/230209_Skudde-1495x1536.webp 1495w, https:\/\/www.dasgraueschaf.at\/wp-content\/uploads\/2023\/10\/230209_Skudde-1993x2048.webp 1993w\" sizes=\"(max-width: 800px) 100vw, 800px\" title=\"\">\t\t\t\t\t\t\t\t\t\t\t\t\t\t\t<\/div>\n\t\t\t\t<\/div>\n\t\t\t\t<\/div>\n\t\t<div class=\"elementor-element elementor-element-fb58311 e-con-full e-flex e-con e-child\" data-id=\"fb58311\" data-element_type=\"container\">\n\t\t\t\t<div class=\"elementor-element elementor-element-2cd3e73 e-transform elementor-widget elementor-widget-image\" data-id=\"2cd3e73\" data-element_type=\"widget\" data-settings=\"{&quot;_transform_scale_effect_hover&quot;:{&quot;unit&quot;:&quot;px&quot;,&quot;size&quot;:1.03,&quot;sizes&quot;:[]},&quot;_transform_scale_effect_hover_tablet&quot;:{&quot;unit&quot;:&quot;px&quot;,&quot;size&quot;:&quot;&quot;,&quot;sizes&quot;:[]},&quot;_transform_scale_effect_hover_mobile&quot;:{&quot;unit&quot;:&quot;px&quot;,&quot;size&quot;:&quot;&quot;,&quot;sizes&quot;:[]}}\" data-widget_type=\"image.default\">\n\t\t\t\t<div class=\"elementor-widget-container\">\n\t\t\t\t\t\t\t\t\t\t\t\t\t\t\t<img loading=\"lazy\" decoding=\"async\" width=\"800\" height=\"822\" src=\"https:\/\/www.dasgraueschaf.at\/wp-content\/uploads\/2023\/10\/230209_Swifter-997x1024.webp\" class=\"attachment-large size-large wp-image-521\" alt=\"\" srcset=\"https:\/\/www.dasgraueschaf.at\/wp-content\/uploads\/2023\/10\/230209_Swifter-997x1024.webp 997w, https:\/\/www.dasgraueschaf.at\/wp-content\/uploads\/2023\/10\/230209_Swifter-292x300.webp 292w, https:\/\/www.dasgraueschaf.at\/wp-content\/uploads\/2023\/10\/230209_Swifter-768x789.webp 768w, https:\/\/www.dasgraueschaf.at\/wp-content\/uploads\/2023\/10\/230209_Swifter-1495x1536.webp 1495w, https:\/\/www.dasgraueschaf.at\/wp-content\/uploads\/2023\/10\/230209_Swifter-1993x2048.webp 1993w\" sizes=\"(max-width: 800px) 100vw, 800px\" title=\"\">\t\t\t\t\t\t\t\t\t\t\t\t\t\t\t<\/div>\n\t\t\t\t<\/div>\n\t\t\t\t<\/div>\n\t\t\t\t\t<\/div>\n\t\t\t\t<\/div>\n\t\t<div class=\"elementor-element elementor-element-e9eea8b e-flex e-con-boxed e-con e-child\" data-id=\"e9eea8b\" data-element_type=\"container\">\n\t\t\t\t\t<div class=\"e-con-inner\">\n\t\t<div class=\"elementor-element elementor-element-7afb158 e-con-full e-flex e-con e-child\" data-id=\"7afb158\" data-element_type=\"container\">\n\t\t\t\t<div class=\"elementor-element elementor-element-ca04e6b e-transform elementor-widget elementor-widget-image\" data-id=\"ca04e6b\" data-element_type=\"widget\" data-settings=\"{&quot;_transform_scale_effect_hover&quot;:{&quot;unit&quot;:&quot;px&quot;,&quot;size&quot;:1.03,&quot;sizes&quot;:[]},&quot;_transform_scale_effect_hover_tablet&quot;:{&quot;unit&quot;:&quot;px&quot;,&quot;size&quot;:&quot;&quot;,&quot;sizes&quot;:[]},&quot;_transform_scale_effect_hover_mobile&quot;:{&quot;unit&quot;:&quot;px&quot;,&quot;size&quot;:&quot;&quot;,&quot;sizes&quot;:[]}}\" data-widget_type=\"image.default\">\n\t\t\t\t<div class=\"elementor-widget-container\">\n\t\t\t\t\t\t\t\t\t\t\t\t\t\t\t<img loading=\"lazy\" decoding=\"async\" width=\"800\" height=\"822\" src=\"https:\/\/www.dasgraueschaf.at\/wp-content\/uploads\/2023\/10\/230301_Merino-997x1024.webp\" class=\"attachment-large size-large wp-image-518\" alt=\"\" srcset=\"https:\/\/www.dasgraueschaf.at\/wp-content\/uploads\/2023\/10\/230301_Merino-997x1024.webp 997w, https:\/\/www.dasgraueschaf.at\/wp-content\/uploads\/2023\/10\/230301_Merino-292x300.webp 292w, https:\/\/www.dasgraueschaf.at\/wp-content\/uploads\/2023\/10\/230301_Merino-768x789.webp 768w, https:\/\/www.dasgraueschaf.at\/wp-content\/uploads\/2023\/10\/230301_Merino-1495x1536.webp 1495w, https:\/\/www.dasgraueschaf.at\/wp-content\/uploads\/2023\/10\/230301_Merino-1993x2048.webp 1993w\" sizes=\"(max-width: 800px) 100vw, 800px\" title=\"\">\t\t\t\t\t\t\t\t\t\t\t\t\t\t\t<\/div>\n\t\t\t\t<\/div>\n\t\t\t\t<\/div>\n\t\t<div class=\"elementor-element elementor-element-6e9189b e-con-full e-flex e-con e-child\" data-id=\"6e9189b\" data-element_type=\"container\">\n\t\t\t\t<div class=\"elementor-element elementor-element-034e2b4 e-transform elementor-widget elementor-widget-image\" data-id=\"034e2b4\" data-element_type=\"widget\" data-settings=\"{&quot;_transform_scale_effect_hover&quot;:{&quot;unit&quot;:&quot;px&quot;,&quot;size&quot;:1.03,&quot;sizes&quot;:[]},&quot;_transform_scale_effect_hover_tablet&quot;:{&quot;unit&quot;:&quot;px&quot;,&quot;size&quot;:&quot;&quot;,&quot;sizes&quot;:[]},&quot;_transform_scale_effect_hover_mobile&quot;:{&quot;unit&quot;:&quot;px&quot;,&quot;size&quot;:&quot;&quot;,&quot;sizes&quot;:[]}}\" data-widget_type=\"image.default\">\n\t\t\t\t<div class=\"elementor-widget-container\">\n\t\t\t\t\t\t\t\t\t\t\t\t\t\t\t<img loading=\"lazy\" decoding=\"async\" width=\"800\" height=\"822\" src=\"https:\/\/www.dasgraueschaf.at\/wp-content\/uploads\/2023\/10\/230301_Heidschnucke-997x1024.webp\" class=\"attachment-large size-large wp-image-519\" alt=\"\" srcset=\"https:\/\/www.dasgraueschaf.at\/wp-content\/uploads\/2023\/10\/230301_Heidschnucke-997x1024.webp 997w, https:\/\/www.dasgraueschaf.at\/wp-content\/uploads\/2023\/10\/230301_Heidschnucke-292x300.webp 292w, https:\/\/www.dasgraueschaf.at\/wp-content\/uploads\/2023\/10\/230301_Heidschnucke-768x789.webp 768w, https:\/\/www.dasgraueschaf.at\/wp-content\/uploads\/2023\/10\/230301_Heidschnucke-1495x1536.webp 1495w, https:\/\/www.dasgraueschaf.at\/wp-content\/uploads\/2023\/10\/230301_Heidschnucke-1993x2048.webp 1993w\" sizes=\"(max-width: 800px) 100vw, 800px\" title=\"\">\t\t\t\t\t\t\t\t\t\t\t\t\t\t\t<\/div>\n\t\t\t\t<\/div>\n\t\t\t\t<\/div>\n\t\t<div class=\"elementor-element elementor-element-321a62b e-con-full e-flex e-con e-child\" data-id=\"321a62b\" data-element_type=\"container\">\n\t\t\t\t<div class=\"elementor-element elementor-element-3a5e281 e-transform elementor-widget elementor-widget-image\" data-id=\"3a5e281\" data-element_type=\"widget\" data-settings=\"{&quot;_transform_scale_effect_hover&quot;:{&quot;unit&quot;:&quot;px&quot;,&quot;size&quot;:1.03,&quot;sizes&quot;:[]},&quot;_transform_scale_effect_hover_tablet&quot;:{&quot;unit&quot;:&quot;px&quot;,&quot;size&quot;:&quot;&quot;,&quot;sizes&quot;:[]},&quot;_transform_scale_effect_hover_mobile&quot;:{&quot;unit&quot;:&quot;px&quot;,&quot;size&quot;:&quot;&quot;,&quot;sizes&quot;:[]}}\" data-widget_type=\"image.default\">\n\t\t\t\t<div class=\"elementor-widget-container\">\n\t\t\t\t\t\t\t\t\t\t\t\t\t\t\t<img loading=\"lazy\" decoding=\"async\" width=\"800\" height=\"822\" src=\"https:\/\/www.dasgraueschaf.at\/wp-content\/uploads\/2023\/10\/230301_Basette-997x1024.webp\" class=\"attachment-large size-large wp-image-520\" alt=\"\" srcset=\"https:\/\/www.dasgraueschaf.at\/wp-content\/uploads\/2023\/10\/230301_Basette-997x1024.webp 997w, https:\/\/www.dasgraueschaf.at\/wp-content\/uploads\/2023\/10\/230301_Basette-292x300.webp 292w, https:\/\/www.dasgraueschaf.at\/wp-content\/uploads\/2023\/10\/230301_Basette-768x789.webp 768w, https:\/\/www.dasgraueschaf.at\/wp-content\/uploads\/2023\/10\/230301_Basette-1495x1536.webp 1495w, https:\/\/www.dasgraueschaf.at\/wp-content\/uploads\/2023\/10\/230301_Basette-1993x2048.webp 1993w\" sizes=\"(max-width: 800px) 100vw, 800px\" title=\"\">\t\t\t\t\t\t\t\t\t\t\t\t\t\t\t<\/div>\n\t\t\t\t<\/div>\n\t\t\t\t<\/div>\n\t\t<div class=\"elementor-element elementor-element-9ff7a52 e-con-full e-flex e-con e-child\" data-id=\"9ff7a52\" data-element_type=\"container\">\n\t\t\t\t<div class=\"elementor-element elementor-element-2b2d8b1 e-transform elementor-widget elementor-widget-image\" data-id=\"2b2d8b1\" data-element_type=\"widget\" data-settings=\"{&quot;_transform_scale_effect_hover&quot;:{&quot;unit&quot;:&quot;px&quot;,&quot;size&quot;:1.03,&quot;sizes&quot;:[]},&quot;_transform_scale_effect_hover_tablet&quot;:{&quot;unit&quot;:&quot;px&quot;,&quot;size&quot;:&quot;&quot;,&quot;sizes&quot;:[]},&quot;_transform_scale_effect_hover_mobile&quot;:{&quot;unit&quot;:&quot;px&quot;,&quot;size&quot;:&quot;&quot;,&quot;sizes&quot;:[]}}\" data-widget_type=\"image.default\">\n\t\t\t\t<div class=\"elementor-widget-container\">\n\t\t\t\t\t\t\t\t\t\t\t\t\t\t\t<img loading=\"lazy\" decoding=\"async\" width=\"800\" height=\"822\" src=\"https:\/\/www.dasgraueschaf.at\/wp-content\/uploads\/2023\/10\/230301_Moorschnucke-997x1024.webp\" class=\"attachment-large size-large wp-image-517\" alt=\"\" srcset=\"https:\/\/www.dasgraueschaf.at\/wp-content\/uploads\/2023\/10\/230301_Moorschnucke-997x1024.webp 997w, https:\/\/www.dasgraueschaf.at\/wp-content\/uploads\/2023\/10\/230301_Moorschnucke-292x300.webp 292w, https:\/\/www.dasgraueschaf.at\/wp-content\/uploads\/2023\/10\/230301_Moorschnucke-768x789.webp 768w, https:\/\/www.dasgraueschaf.at\/wp-content\/uploads\/2023\/10\/230301_Moorschnucke-1495x1536.webp 1495w, https:\/\/www.dasgraueschaf.at\/wp-content\/uploads\/2023\/10\/230301_Moorschnucke-1993x2048.webp 1993w\" sizes=\"(max-width: 800px) 100vw, 800px\" title=\"\">\t\t\t\t\t\t\t\t\t\t\t\t\t\t\t<\/div>\n\t\t\t\t<\/div>\n\t\t\t\t<\/div>\n\t\t\t\t\t<\/div>\n\t\t\t\t<\/div>\n\t\t<div class=\"elementor-element elementor-element-688b682 e-con-full e-flex e-con e-child\" data-id=\"688b682\" data-element_type=\"container\">\n\t\t<div class=\"elementor-element elementor-element-6fdb68d e-con-full e-flex e-con e-child\" data-id=\"6fdb68d\" data-element_type=\"container\">\n\t\t\t\t<div class=\"elementor-element elementor-element-e3d215c elementor-widget elementor-widget-heading\" data-id=\"e3d215c\" data-element_type=\"widget\" data-widget_type=\"heading.default\">\n\t\t\t\t<div class=\"elementor-widget-container\">\n\t\t\t\t\t<h4 class=\"elementor-heading-title elementor-size-default\">Apartment with balcony and panoramic window<\/h4>\t\t\t\t<\/div>\n\t\t\t\t<\/div>\n\t\t\t\t<div class=\"elementor-element elementor-element-85b2dc1 elementor-widget elementor-widget-text-editor\" data-id=\"85b2dc1\" data-element_type=\"widget\" data-widget_type=\"text-editor.default\">\n\t\t\t\t<div class=\"elementor-widget-container\">\n\t\t\t\t\t\t\t\t\t<p>HEIDSCHNUCKE, SAAS MUTTON, MERINO OR CIG\u00c0JA<\/p>\t\t\t\t\t\t\t\t<\/div>\n\t\t\t\t<\/div>\n\t\t\t\t<div class=\"elementor-element elementor-element-b034f73 elementor-widget elementor-widget-image\" data-id=\"b034f73\" data-element_type=\"widget\" data-widget_type=\"image.default\">\n\t\t\t\t<div class=\"elementor-widget-container\">\n\t\t\t\t\t\t\t\t\t\t\t\t\t\t\t<img loading=\"lazy\" decoding=\"async\" width=\"789\" height=\"1081\" src=\"https:\/\/www.dasgraueschaf.at\/wp-content\/uploads\/2023\/11\/Grundriss_1.webp\" class=\"attachment-full size-full wp-image-944\" alt=\"\" srcset=\"https:\/\/www.dasgraueschaf.at\/wp-content\/uploads\/2023\/11\/Grundriss_1.webp 789w, https:\/\/www.dasgraueschaf.at\/wp-content\/uploads\/2023\/11\/Grundriss_1-219x300.webp 219w, https:\/\/www.dasgraueschaf.at\/wp-content\/uploads\/2023\/11\/Grundriss_1-747x1024.webp 747w, https:\/\/www.dasgraueschaf.at\/wp-content\/uploads\/2023\/11\/Grundriss_1-768x1052.webp 768w\" sizes=\"(max-width: 789px) 100vw, 789px\" title=\"\">\t\t\t\t\t\t\t\t\t\t\t\t\t\t\t<\/div>\n\t\t\t\t<\/div>\n\t\t\t\t<\/div>\n\t\t<div class=\"elementor-element elementor-element-888056e e-con-full e-flex e-con e-child\" data-id=\"888056e\" data-element_type=\"container\">\n\t\t\t\t<div class=\"elementor-element elementor-element-0c1b12c elementor-widget elementor-widget-heading\" data-id=\"0c1b12c\" data-element_type=\"widget\" data-widget_type=\"heading.default\">\n\t\t\t\t<div class=\"elementor-widget-container\">\n\t\t\t\t\t<h4 class=\"elementor-heading-title elementor-size-default\">Apartment with balcony,\n<br> inside<\/h4>\t\t\t\t<\/div>\n\t\t\t\t<\/div>\n\t\t\t\t<div class=\"elementor-element elementor-element-fee3e8f elementor-widget elementor-widget-text-editor\" data-id=\"fee3e8f\" data-element_type=\"widget\" data-widget_type=\"text-editor.default\">\n\t\t\t\t<div class=\"elementor-widget-container\">\n\t\t\t\t\t\t\t\t\t<p>MOORSCHNUCKE, SWIFTER, SKUDDE OR BASETTE<\/p>\t\t\t\t\t\t\t\t<\/div>\n\t\t\t\t<\/div>\n\t\t\t\t<div class=\"elementor-element elementor-element-6a86fcb elementor-widget elementor-widget-image\" data-id=\"6a86fcb\" data-element_type=\"widget\" data-widget_type=\"image.default\">\n\t\t\t\t<div class=\"elementor-widget-container\">\n\t\t\t\t\t\t\t\t\t\t\t\t\t\t\t<img loading=\"lazy\" decoding=\"async\" width=\"789\" height=\"1081\" src=\"https:\/\/www.dasgraueschaf.at\/wp-content\/uploads\/2023\/11\/Grundriss_2.webp\" class=\"attachment-full size-full wp-image-945\" alt=\"\" srcset=\"https:\/\/www.dasgraueschaf.at\/wp-content\/uploads\/2023\/11\/Grundriss_2.webp 789w, https:\/\/www.dasgraueschaf.at\/wp-content\/uploads\/2023\/11\/Grundriss_2-219x300.webp 219w, https:\/\/www.dasgraueschaf.at\/wp-content\/uploads\/2023\/11\/Grundriss_2-747x1024.webp 747w, https:\/\/www.dasgraueschaf.at\/wp-content\/uploads\/2023\/11\/Grundriss_2-768x1052.webp 768w\" sizes=\"(max-width: 789px) 100vw, 789px\" title=\"\">\t\t\t\t\t\t\t\t\t\t\t\t\t\t\t<\/div>\n\t\t\t\t<\/div>\n\t\t\t\t<\/div>\n\t\t\t\t<\/div>\n\t\t\t\t\t<\/div>\n\t\t\t\t<\/div>\n\t\t<div class=\"elementor-element elementor-element-9b2f11e e-flex e-con-boxed e-con e-parent\" data-id=\"9b2f11e\" data-element_type=\"container\">\n\t\t\t\t\t<div class=\"e-con-inner\">\n\t\t\t\t<div class=\"elementor-element elementor-element-f94daa4 elementor-widget-divider--view-line elementor-widget elementor-widget-divider\" data-id=\"f94daa4\" data-element_type=\"widget\" data-widget_type=\"divider.default\">\n\t\t\t\t<div class=\"elementor-widget-container\">\n\t\t\t\t\t\t\t<div class=\"elementor-divider\">\n\t\t\t<span class=\"elementor-divider-separator\">\n\t\t\t\t\t\t<\/span>\n\t\t<\/div>\n\t\t\t\t\t\t<\/div>\n\t\t\t\t<\/div>\n\t\t\t\t\t<\/div>\n\t\t\t\t<\/div>\n\t\t<div class=\"elementor-element elementor-element-6aa7cd4 e-flex e-con-boxed e-con e-parent\" data-id=\"6aa7cd4\" data-element_type=\"container\">\n\t\t\t\t\t<div class=\"e-con-inner\">\n\t\t<div class=\"elementor-element elementor-element-9fccbf8 e-con-full e-flex e-con e-child\" data-id=\"9fccbf8\" data-element_type=\"container\">\n\t\t\t\t<div class=\"elementor-element elementor-element-a763a36 elementor-widget elementor-widget-menu-anchor\" data-id=\"a763a36\" data-element_type=\"widget\" data-widget_type=\"menu-anchor.default\">\n\t\t\t\t<div class=\"elementor-widget-container\">\n\t\t\t\t\t\t\t<div class=\"elementor-menu-anchor\" id=\"wissenswertes\"><\/div>\n\t\t\t\t\t\t<\/div>\n\t\t\t\t<\/div>\n\t\t\t\t<div class=\"elementor-element elementor-element-03ba697 elementor-widget elementor-widget-heading\" data-id=\"03ba697\" data-element_type=\"widget\" data-widget_type=\"heading.default\">\n\t\t\t\t<div class=\"elementor-widget-container\">\n\t\t\t\t\t<h2 class=\"elementor-heading-title elementor-size-default\">Interesting facts for guests<\/h2>\t\t\t\t<\/div>\n\t\t\t\t<\/div>\n\t\t\t\t<\/div>\n\t\t<div class=\"elementor-element elementor-element-6a40e6a e-con-full e-flex e-con e-child\" data-id=\"6a40e6a\" data-element_type=\"container\">\n\t\t<div class=\"elementor-element elementor-element-893a21f e-con-full e-flex e-con e-child\" data-id=\"893a21f\" data-element_type=\"container\">\n\t\t\t\t<div class=\"elementor-element elementor-element-ce43153 elementor-widget elementor-widget-heading\" data-id=\"ce43153\" data-element_type=\"widget\" data-widget_type=\"heading.default\">\n\t\t\t\t<div class=\"elementor-widget-container\">\n\t\t\t\t\t<h5 class=\"elementor-heading-title elementor-size-default\">Location<\/h5>\t\t\t\t<\/div>\n\t\t\t\t<\/div>\n\t\t\t\t<div class=\"elementor-element elementor-element-4ef2e9a elementor-widget elementor-widget-text-editor\" data-id=\"4ef2e9a\" data-element_type=\"widget\" data-widget_type=\"text-editor.default\">\n\t\t\t\t<div class=\"elementor-widget-container\">\n\t\t\t\t\t\t\t\t\t<p>das graue schaf is located in the centre of Bad Kleinkichheim - a small village in the Carinthian Nockberge mountains. Opposite of the apartments is an organic farm with farm shop and petting zoo. The Sonnalm ski lift and a stream are just a few minutes' walk away from the apartments. Bad Kleinkirchheim has all the shops you need for your daily needs.<\/p>\t\t\t\t\t\t\t\t<\/div>\n\t\t\t\t<\/div>\n\t\t\t\t<\/div>\n\t\t<div class=\"elementor-element elementor-element-4f9201c e-con-full e-flex e-con e-child\" data-id=\"4f9201c\" data-element_type=\"container\">\n\t\t\t\t<div class=\"elementor-element elementor-element-d659cef elementor-widget elementor-widget-heading\" data-id=\"d659cef\" data-element_type=\"widget\" data-widget_type=\"heading.default\">\n\t\t\t\t<div class=\"elementor-widget-container\">\n\t\t\t\t\t<h5 class=\"elementor-heading-title elementor-size-default\">Technical equipment<\/h5>\t\t\t\t<\/div>\n\t\t\t\t<\/div>\n\t\t\t\t<div class=\"elementor-element elementor-element-4263a5b elementor-widget elementor-widget-text-editor\" data-id=\"4263a5b\" data-element_type=\"widget\" data-widget_type=\"text-editor.default\">\n\t\t\t\t<div class=\"elementor-widget-container\">\n\t\t\t\t\t\t\t\t\t<p>In the apartments, you will find a fully equipped kitchen, a wood-burning stove, and two televisions (one in the living room and one in the bedroom). Free Wi-Fi is available, of course. For sports enthusiasts, there is a ski and bike storage room with a heated ski boot rack. A fire pit is available for barbecues in the communal garden.<\/p>\t\t\t\t\t\t\t\t<\/div>\n\t\t\t\t<\/div>\n\t\t\t\t<\/div>\n\t\t<div class=\"elementor-element elementor-element-2e2393f e-con-full e-flex e-con e-child\" data-id=\"2e2393f\" data-element_type=\"container\">\n\t\t\t\t<div class=\"elementor-element elementor-element-882ea06 elementor-widget elementor-widget-heading\" data-id=\"882ea06\" data-element_type=\"widget\" data-widget_type=\"heading.default\">\n\t\t\t\t<div class=\"elementor-widget-container\">\n\t\t\t\t\t<h5 class=\"elementor-heading-title elementor-size-default\">Sustainability<\/h5>\t\t\t\t<\/div>\n\t\t\t\t<\/div>\n\t\t\t\t<div class=\"elementor-element elementor-element-157dab6 elementor-widget elementor-widget-text-editor\" data-id=\"157dab6\" data-element_type=\"widget\" data-widget_type=\"text-editor.default\">\n\t\t\t\t<div class=\"elementor-widget-container\">\n\t\t\t\t\t\t\t\t\t<p>Treating our environment with care is particularly important to us. Therefore, all textiles and items at das graue schaf are made from sustainable and natural resources.<\/p>\t\t\t\t\t\t\t\t<\/div>\n\t\t\t\t<\/div>\n\t\t\t\t<\/div>\n\t\t<div class=\"elementor-element elementor-element-6e5d30c e-con-full e-flex e-con e-child\" data-id=\"6e5d30c\" data-element_type=\"container\">\n\t\t\t\t<div class=\"elementor-element elementor-element-d5d158c elementor-widget elementor-widget-heading\" data-id=\"d5d158c\" data-element_type=\"widget\" data-widget_type=\"heading.default\">\n\t\t\t\t<div class=\"elementor-widget-container\">\n\t\t\t\t\t<h5 class=\"elementor-heading-title elementor-size-default\">Parking<\/h5>\t\t\t\t<\/div>\n\t\t\t\t<\/div>\n\t\t\t\t<div class=\"elementor-element elementor-element-7e90b58 elementor-widget elementor-widget-text-editor\" data-id=\"7e90b58\" data-element_type=\"widget\" data-widget_type=\"text-editor.default\">\n\t\t\t\t<div class=\"elementor-widget-container\">\n\t\t\t\t\t\t\t\t\t<p>Parking spaces are available directly on the premises. Guests have access to an electric vehicle charging station as well as bicycle parking spots.<\/p>\t\t\t\t\t\t\t\t<\/div>\n\t\t\t\t<\/div>\n\t\t\t\t<\/div>\n\t\t\t\t<\/div>\n\t\t<div class=\"elementor-element elementor-element-d5d60c1 e-con-full e-flex e-con e-child\" data-id=\"d5d60c1\" data-element_type=\"container\">\n\t\t\t\t<div class=\"elementor-element elementor-element-b42c50a imagehover elementor-widget elementor-widget-image\" data-id=\"b42c50a\" data-element_type=\"widget\" data-widget_type=\"image.default\">\n\t\t\t\t<div class=\"elementor-widget-container\">\n\t\t\t\t\t\t\t\t\t\t\t\t\t\t\t<img loading=\"lazy\" decoding=\"async\" width=\"2480\" height=\"1558\" src=\"https:\/\/www.dasgraueschaf.at\/wp-content\/uploads\/2024\/07\/01_das-graue-schaf_ferien-appartements_bad-kleinkirchheim_aussenansicht-1.jpg\" class=\"attachment-full size-full wp-image-1149\" alt=\"\" srcset=\"https:\/\/www.dasgraueschaf.at\/wp-content\/uploads\/2024\/07\/01_das-graue-schaf_ferien-appartements_bad-kleinkirchheim_aussenansicht-1.jpg 2480w, https:\/\/www.dasgraueschaf.at\/wp-content\/uploads\/2024\/07\/01_das-graue-schaf_ferien-appartements_bad-kleinkirchheim_aussenansicht-1-300x188.jpg 300w, https:\/\/www.dasgraueschaf.at\/wp-content\/uploads\/2024\/07\/01_das-graue-schaf_ferien-appartements_bad-kleinkirchheim_aussenansicht-1-1024x643.jpg 1024w, https:\/\/www.dasgraueschaf.at\/wp-content\/uploads\/2024\/07\/01_das-graue-schaf_ferien-appartements_bad-kleinkirchheim_aussenansicht-1-768x482.jpg 768w, https:\/\/www.dasgraueschaf.at\/wp-content\/uploads\/2024\/07\/01_das-graue-schaf_ferien-appartements_bad-kleinkirchheim_aussenansicht-1-1536x965.jpg 1536w, https:\/\/www.dasgraueschaf.at\/wp-content\/uploads\/2024\/07\/01_das-graue-schaf_ferien-appartements_bad-kleinkirchheim_aussenansicht-1-2048x1287.jpg 2048w, https:\/\/www.dasgraueschaf.at\/wp-content\/uploads\/2024\/07\/01_das-graue-schaf_ferien-appartements_bad-kleinkirchheim_aussenansicht-1-18x12.jpg 18w\" sizes=\"(max-width: 2480px) 100vw, 2480px\" title=\"\">\t\t\t\t\t\t\t\t\t\t\t\t\t\t\t<\/div>\n\t\t\t\t<\/div>\n\t\t\t\t<\/div>\n\t\t<div class=\"elementor-element elementor-element-01d6a44 e-con-full e-flex elementor-invisible e-con e-child\" data-id=\"01d6a44\" data-element_type=\"container\" data-settings=\"{&quot;animation&quot;:&quot;fadeInUp&quot;,&quot;animation_delay&quot;:300}\">\n\t\t<div class=\"elementor-element elementor-element-5b28431 e-con-full e-flex e-con e-child\" data-id=\"5b28431\" data-element_type=\"container\">\n\t\t<div class=\"elementor-element elementor-element-43cd9bb e-con-full e-flex e-con e-child\" data-id=\"43cd9bb\" data-element_type=\"container\">\n\t\t\t\t<div class=\"elementor-element elementor-element-009ec8b elementor-widget elementor-widget-heading\" data-id=\"009ec8b\" data-element_type=\"widget\" data-widget_type=\"heading.default\">\n\t\t\t\t<div class=\"elementor-widget-container\">\n\t\t\t\t\t<h5 class=\"elementor-heading-title elementor-size-default\">Spa and relaxation<\/h5>\t\t\t\t<\/div>\n\t\t\t\t<\/div>\n\t\t\t\t<div class=\"elementor-element elementor-element-e9a0775 elementor-widget elementor-widget-text-editor\" data-id=\"e9a0775\" data-element_type=\"widget\" data-widget_type=\"text-editor.default\">\n\t\t\t\t<div class=\"elementor-widget-container\">\n\t\t\t\t\t\t\t\t\t<p>Unser Wellness-Bereich mit Sauna, Dampfbad, Ruheraum und Teebar steht allen G\u00e4sten t\u00e4glich zur freien Verf\u00fcgung. Ein Saunakit mit Bademantel, Handt\u00fcchern und Schlappen kann gemietet werden. <br \/>Fitness equipment is available to guests in the yoga room.<br \/>There is also a table tennis room with a dartboard.<\/p>\t\t\t\t\t\t\t\t<\/div>\n\t\t\t\t<\/div>\n\t\t\t\t<\/div>\n\t\t<div class=\"elementor-element elementor-element-ab62388 e-con-full e-flex e-con e-child\" data-id=\"ab62388\" data-element_type=\"container\">\n\t\t\t\t<div class=\"elementor-element elementor-element-cd95391 elementor-widget elementor-widget-heading\" data-id=\"cd95391\" data-element_type=\"widget\" data-widget_type=\"heading.default\">\n\t\t\t\t<div class=\"elementor-widget-container\">\n\t\t\t\t\t<h5 class=\"elementor-heading-title elementor-size-default\">Basic bedroom amenities<\/h5>\t\t\t\t<\/div>\n\t\t\t\t<\/div>\n\t\t\t\t<div class=\"elementor-element elementor-element-e086050 elementor-widget elementor-widget-text-editor\" data-id=\"e086050\" data-element_type=\"widget\" data-widget_type=\"text-editor.default\">\n\t\t\t\t<div class=\"elementor-widget-container\">\n\t\t\t\t\t\t\t\t\t<p>Each bed is equipped with a reading light and two different pillow sizes. The beds are dressed with fresh cotton bedding. Upon request, a bed drawer for small children can be provided. Baby crips are also available on request.<\/p>\t\t\t\t\t\t\t\t<\/div>\n\t\t\t\t<\/div>\n\t\t<div class=\"elementor-element elementor-element-42b73d3 e-con-full elementor-hidden-desktop elementor-hidden-tablet e-flex e-con e-child\" data-id=\"42b73d3\" data-element_type=\"container\">\n\t\t\t\t<div class=\"elementor-element elementor-element-4cb7fc9 imagehover elementor-widget elementor-widget-image\" data-id=\"4cb7fc9\" data-element_type=\"widget\" data-widget_type=\"image.default\">\n\t\t\t\t<div class=\"elementor-widget-container\">\n\t\t\t\t\t\t\t\t\t\t\t\t\t\t\t<img loading=\"lazy\" decoding=\"async\" width=\"642\" height=\"879\" src=\"https:\/\/www.dasgraueschaf.at\/wp-content\/uploads\/2023\/11\/das-graue-schaf_ferien-appartements_bad-kleinkirchheim_wohnbereich_abendstimmung.webp\" class=\"attachment-full size-full wp-image-766\" alt=\"the-grey-sheep_holiday-apartments_bad-kleinkirchheim_living_area_evening_atmosphere\" srcset=\"https:\/\/www.dasgraueschaf.at\/wp-content\/uploads\/2023\/11\/das-graue-schaf_ferien-appartements_bad-kleinkirchheim_wohnbereich_abendstimmung.webp 642w, https:\/\/www.dasgraueschaf.at\/wp-content\/uploads\/2023\/11\/das-graue-schaf_ferien-appartements_bad-kleinkirchheim_wohnbereich_abendstimmung-219x300.webp 219w\" sizes=\"(max-width: 642px) 100vw, 642px\" title=\"\">\t\t\t\t\t\t\t\t\t\t\t\t\t\t\t<\/div>\n\t\t\t\t<\/div>\n\t\t\t\t<\/div>\n\t\t\t\t<\/div>\n\t\t\t\t<\/div>\n\t\t<div class=\"elementor-element elementor-element-a4eb003 e-con-full e-flex e-con e-child\" data-id=\"a4eb003\" data-element_type=\"container\">\n\t\t<div class=\"elementor-element elementor-element-eb9a869 e-con-full e-flex e-con e-child\" data-id=\"eb9a869\" data-element_type=\"container\">\n\t\t\t\t<div class=\"elementor-element elementor-element-3428550 elementor-widget elementor-widget-heading\" data-id=\"3428550\" data-element_type=\"widget\" data-widget_type=\"heading.default\">\n\t\t\t\t<div class=\"elementor-widget-container\">\n\t\t\t\t\t<h5 class=\"elementor-heading-title elementor-size-default\">Basic kitchen amenities<\/h5>\t\t\t\t<\/div>\n\t\t\t\t<\/div>\n\t\t\t\t<div class=\"elementor-element elementor-element-406b0b3 elementor-widget elementor-widget-text-editor\" data-id=\"406b0b3\" data-element_type=\"widget\" data-widget_type=\"text-editor.default\">\n\t\t\t\t<div class=\"elementor-widget-container\">\n\t\t\t\t\t\t\t\t\t<p>The kitchen in all apartments is equipped with an electric stove with ceramic hob, oven, dishwasher, refrigerator, dishes, cutlery, wine glasses, drinking glasses, pots, pan, colander, cutting boards, water carafe, Bialetti coffee maker, corkscrew, cheese grater, vegetable peeler, whisk, dish towels, sponge, dishwashing liquid and rinse aid.<\/p>\t\t\t\t\t\t\t\t<\/div>\n\t\t\t\t<\/div>\n\t\t\t\t<\/div>\n\t\t<div class=\"elementor-element elementor-element-014cdee e-con-full e-flex e-con e-child\" data-id=\"014cdee\" data-element_type=\"container\">\n\t\t\t\t<div class=\"elementor-element elementor-element-0215328 elementor-widget elementor-widget-heading\" data-id=\"0215328\" data-element_type=\"widget\" data-widget_type=\"heading.default\">\n\t\t\t\t<div class=\"elementor-widget-container\">\n\t\t\t\t\t<h5 class=\"elementor-heading-title elementor-size-default\">Basic bathroom amenities<\/h5>\t\t\t\t<\/div>\n\t\t\t\t<\/div>\n\t\t\t\t<div class=\"elementor-element elementor-element-5b9706b elementor-widget elementor-widget-text-editor\" data-id=\"5b9706b\" data-element_type=\"widget\" data-widget_type=\"text-editor.default\">\n\t\t\t\t<div class=\"elementor-widget-container\">\n\t\t\t\t\t\t\t\t\t<p>Each guest has one bath towel and one hand towel available. Additionally, each apartment is equipped with a hairdryer and sheep milk soap.<\/p>\t\t\t\t\t\t\t\t<\/div>\n\t\t\t\t<\/div>\n\t\t<div class=\"elementor-element elementor-element-acbea01 e-con-full elementor-hidden-desktop elementor-hidden-tablet e-flex e-con e-child\" data-id=\"acbea01\" data-element_type=\"container\">\n\t\t\t\t<div class=\"elementor-element elementor-element-ebca489 imagehover elementor-widget elementor-widget-image\" data-id=\"ebca489\" data-element_type=\"widget\" data-widget_type=\"image.default\">\n\t\t\t\t<div class=\"elementor-widget-container\">\n\t\t\t\t\t\t\t\t\t\t\t\t\t\t\t<img loading=\"lazy\" decoding=\"async\" width=\"642\" height=\"879\" src=\"https:\/\/www.dasgraueschaf.at\/wp-content\/uploads\/2023\/11\/das-graue-schaf_ferien-appartements_bad-kleinkirchheim_bad-metrofliesen.webp\" class=\"attachment-full size-full wp-image-764\" alt=\"das-graue-schaf_ferien-appartements_bad-kleinkirchheim_bad-metrofliesen\" srcset=\"https:\/\/www.dasgraueschaf.at\/wp-content\/uploads\/2023\/11\/das-graue-schaf_ferien-appartements_bad-kleinkirchheim_bad-metrofliesen.webp 642w, https:\/\/www.dasgraueschaf.at\/wp-content\/uploads\/2023\/11\/das-graue-schaf_ferien-appartements_bad-kleinkirchheim_bad-metrofliesen-219x300.webp 219w\" sizes=\"(max-width: 642px) 100vw, 642px\" title=\"\">\t\t\t\t\t\t\t\t\t\t\t\t\t\t\t<\/div>\n\t\t\t\t<\/div>\n\t\t\t\t<\/div>\n\t\t\t\t<\/div>\n\t\t\t\t<\/div>\n\t\t\t\t<\/div>\n\t\t<div class=\"elementor-element elementor-element-41f1dda e-con-full e-flex e-con e-child\" data-id=\"41f1dda\" data-element_type=\"container\">\n\t\t<div class=\"elementor-element elementor-element-d1d5752 e-con-full e-flex e-con e-child\" data-id=\"d1d5752\" data-element_type=\"container\">\n\t\t<div class=\"elementor-element elementor-element-bb69cbf e-con-full elementor-hidden-mobile e-flex elementor-invisible e-con e-child\" data-id=\"bb69cbf\" data-element_type=\"container\" data-settings=\"{&quot;animation&quot;:&quot;fadeInUp&quot;,&quot;animation_delay&quot;:300}\">\n\t\t\t\t<div class=\"elementor-element elementor-element-361a66a imagehover elementor-widget elementor-widget-image\" data-id=\"361a66a\" data-element_type=\"widget\" data-widget_type=\"image.default\">\n\t\t\t\t<div class=\"elementor-widget-container\">\n\t\t\t\t\t\t\t\t\t\t\t\t\t\t\t<img loading=\"lazy\" decoding=\"async\" width=\"642\" height=\"879\" src=\"https:\/\/www.dasgraueschaf.at\/wp-content\/uploads\/2023\/11\/das-graue-schaf_ferien-appartements_bad-kleinkirchheim_wohnbereich_abendstimmung.webp\" class=\"attachment-full size-full wp-image-766\" alt=\"the-grey-sheep_holiday-apartments_bad-kleinkirchheim_living_area_evening_atmosphere\" srcset=\"https:\/\/www.dasgraueschaf.at\/wp-content\/uploads\/2023\/11\/das-graue-schaf_ferien-appartements_bad-kleinkirchheim_wohnbereich_abendstimmung.webp 642w, https:\/\/www.dasgraueschaf.at\/wp-content\/uploads\/2023\/11\/das-graue-schaf_ferien-appartements_bad-kleinkirchheim_wohnbereich_abendstimmung-219x300.webp 219w\" sizes=\"(max-width: 642px) 100vw, 642px\" title=\"\">\t\t\t\t\t\t\t\t\t\t\t\t\t\t\t<\/div>\n\t\t\t\t<\/div>\n\t\t\t\t<\/div>\n\t\t\t\t<\/div>\n\t\t<div class=\"elementor-element elementor-element-bf8c2a6 e-con-full e-flex e-con e-child\" data-id=\"bf8c2a6\" data-element_type=\"container\">\n\t\t<div class=\"elementor-element elementor-element-0a296f8 e-con-full elementor-hidden-mobile e-flex elementor-invisible e-con e-child\" data-id=\"0a296f8\" data-element_type=\"container\" data-settings=\"{&quot;animation&quot;:&quot;fadeInUp&quot;,&quot;animation_delay&quot;:300}\">\n\t\t\t\t<div class=\"elementor-element elementor-element-25ecf1e imagehover elementor-widget elementor-widget-image\" data-id=\"25ecf1e\" data-element_type=\"widget\" data-widget_type=\"image.default\">\n\t\t\t\t<div class=\"elementor-widget-container\">\n\t\t\t\t\t\t\t\t\t\t\t\t\t\t\t<img loading=\"lazy\" decoding=\"async\" width=\"642\" height=\"879\" src=\"https:\/\/www.dasgraueschaf.at\/wp-content\/uploads\/2023\/11\/das-graue-schaf_ferien-appartements_bad-kleinkirchheim_bad-metrofliesen.webp\" class=\"attachment-full size-full wp-image-764\" alt=\"das-graue-schaf_ferien-appartements_bad-kleinkirchheim_bad-metrofliesen\" srcset=\"https:\/\/www.dasgraueschaf.at\/wp-content\/uploads\/2023\/11\/das-graue-schaf_ferien-appartements_bad-kleinkirchheim_bad-metrofliesen.webp 642w, https:\/\/www.dasgraueschaf.at\/wp-content\/uploads\/2023\/11\/das-graue-schaf_ferien-appartements_bad-kleinkirchheim_bad-metrofliesen-219x300.webp 219w\" sizes=\"(max-width: 642px) 100vw, 642px\" title=\"\">\t\t\t\t\t\t\t\t\t\t\t\t\t\t\t<\/div>\n\t\t\t\t<\/div>\n\t\t\t\t<\/div>\n\t\t\t\t<\/div>\n\t\t\t\t<\/div>\n\t\t\t\t\t<\/div>\n\t\t\t\t<\/div>\n\t\t<div class=\"elementor-element elementor-element-c1ad575 e-flex e-con-boxed e-con e-parent\" data-id=\"c1ad575\" data-element_type=\"container\">\n\t\t\t\t\t<div class=\"e-con-inner\">\n\t\t\t\t<div class=\"elementor-element elementor-element-71e9188 elementor-widget-divider--view-line elementor-widget elementor-widget-divider\" data-id=\"71e9188\" data-element_type=\"widget\" data-widget_type=\"divider.default\">\n\t\t\t\t<div class=\"elementor-widget-container\">\n\t\t\t\t\t\t\t<div class=\"elementor-divider\">\n\t\t\t<span class=\"elementor-divider-separator\">\n\t\t\t\t\t\t<\/span>\n\t\t<\/div>\n\t\t\t\t\t\t<\/div>\n\t\t\t\t<\/div>\n\t\t\t\t\t<\/div>\n\t\t\t\t<\/div>\n\t\t<div class=\"elementor-element elementor-element-ac1037f e-flex e-con-boxed e-con e-parent\" data-id=\"ac1037f\" data-element_type=\"container\">\n\t\t\t\t\t<div class=\"e-con-inner\">\n\t\t<div class=\"elementor-element elementor-element-45e1a41 e-flex e-con-boxed elementor-invisible e-con e-child\" data-id=\"45e1a41\" data-element_type=\"container\" data-settings=\"{&quot;animation&quot;:&quot;fadeInUp&quot;}\">\n\t\t\t\t\t<div class=\"e-con-inner\">\n\t\t\t\t<div class=\"elementor-element elementor-element-e272e96 elementor-widget elementor-widget-menu-anchor\" data-id=\"e272e96\" data-element_type=\"widget\" data-widget_type=\"menu-anchor.default\">\n\t\t\t\t<div class=\"elementor-widget-container\">\n\t\t\t\t\t\t\t<div class=\"elementor-menu-anchor\" id=\"umgebung\"><\/div>\n\t\t\t\t\t\t<\/div>\n\t\t\t\t<\/div>\n\t\t\t\t<div class=\"elementor-element elementor-element-547f16a elementor-widget elementor-widget-heading\" data-id=\"547f16a\" data-element_type=\"widget\" data-widget_type=\"heading.default\">\n\t\t\t\t<div class=\"elementor-widget-container\">\n\t\t\t\t\t<h2 class=\"elementor-heading-title elementor-size-default\">A dreamlike environment in nature<\/h2>\t\t\t\t<\/div>\n\t\t\t\t<\/div>\n\t\t\t\t<div class=\"elementor-element elementor-element-33d722f elementor-widget elementor-widget-text-editor\" data-id=\"33d722f\" data-element_type=\"widget\" data-widget_type=\"text-editor.default\">\n\t\t\t\t<div class=\"elementor-widget-container\">\n\t\t\t\t\t\t\t\t\t<p>Immerse yourself in the gentle alpine world of the Nockberge mountains! Characterful landscapes with soft and rugged forms. Crystal-clear mountain air, blooming meadows, and rich forests. Babbling brooks, invigorating power spots \u2013 and of course, the mountains. Stunning hikes, adventurous bike tours, idyllic villages, and the magnificent alpine nature.<\/p>\t\t\t\t\t\t\t\t<\/div>\n\t\t\t\t<\/div>\n\t\t\t\t\t<\/div>\n\t\t\t\t<\/div>\n\t\t\t\t\t<\/div>\n\t\t\t\t<\/div>\n\t\t<div class=\"elementor-element elementor-element-e00aa88 e-flex e-con-boxed elementor-invisible e-con e-parent\" data-id=\"e00aa88\" data-element_type=\"container\" data-settings=\"{&quot;background_background&quot;:&quot;classic&quot;,&quot;animation&quot;:&quot;fadeIn&quot;,&quot;animation_delay&quot;:300}\">\n\t\t\t\t\t<div class=\"e-con-inner\">\n\t\t\t\t\t<\/div>\n\t\t\t\t<\/div>\n\t\t<div class=\"elementor-element elementor-element-5d2106d e-flex e-con-boxed e-con e-parent\" data-id=\"5d2106d\" data-element_type=\"container\">\n\t\t\t\t\t<div class=\"e-con-inner\">\n\t\t<div class=\"elementor-element elementor-element-d3c0f05 e-con-full e-flex e-con e-child\" data-id=\"d3c0f05\" data-element_type=\"container\">\n\t\t<div class=\"elementor-element elementor-element-919435c e-con-full e-flex e-con e-child\" data-id=\"919435c\" data-element_type=\"container\">\n\t\t\t\t<div class=\"elementor-element elementor-element-35aa8fe elementor-widget elementor-widget-heading\" data-id=\"35aa8fe\" data-element_type=\"widget\" data-widget_type=\"heading.default\">\n\t\t\t\t<div class=\"elementor-widget-container\">\n\t\t\t\t\t<h4 class=\"elementor-heading-title elementor-size-default\">Holidays for active people, families and those seeking relaxation<\/h4>\t\t\t\t<\/div>\n\t\t\t\t<\/div>\n\t\t\t\t<div class=\"elementor-element elementor-element-05469a2 rueck elementor-widget elementor-widget-text-editor\" data-id=\"05469a2\" data-element_type=\"widget\" data-widget_type=\"text-editor.default\">\n\t\t\t\t<div class=\"elementor-widget-container\">\n\t\t\t\t\t\t\t\t\t<ul><li>800 km of marked hiking trails for family hikers and summiteers<\/li><li>Biodiversity in the Nockberge Biosphere Reserve<\/li><li>2 thermal baths directly in the village for families and wellness enthusiasts<\/li><li>2 natural swimming lakes with drinking water quality for water sports enthusiasts<\/li><li>750 km of mountain bike trails for e-bikers and nature trail fans<\/li><li>Europe's longest flow country trail for mountain bikers<\/li><li>Summer toboggan run<\/li><li>18 hole golf course<\/li><li>Tennis centre<\/li><li>Regional Alps-Adriatic cuisine<\/li><\/ul>\t\t\t\t\t\t\t\t<\/div>\n\t\t\t\t<\/div>\n\t\t\t\t<\/div>\n\t\t<div class=\"elementor-element elementor-element-0216990 e-con-full e-flex e-con e-child\" data-id=\"0216990\" data-element_type=\"container\">\n\t\t\t\t<div class=\"elementor-element elementor-element-e246b49 elementor-widget elementor-widget-image\" data-id=\"e246b49\" data-element_type=\"widget\" data-widget_type=\"image.default\">\n\t\t\t\t<div class=\"elementor-widget-container\">\n\t\t\t\t\t\t\t\t\t\t\t\t\t\t\t<img decoding=\"async\" src=\"https:\/\/www.dasgraueschaf.at\/wp-content\/uploads\/2023\/10\/Icon-metro-quote.svg\" title=\"Icon metro-quote\" alt=\"Icon metro-quote\" loading=\"lazy\" \/>\t\t\t\t\t\t\t\t\t\t\t\t\t\t\t<\/div>\n\t\t\t\t<\/div>\n\t\t\t\t<div class=\"elementor-element elementor-element-99ae35f elementor-widget elementor-widget-text-editor\" data-id=\"99ae35f\" data-element_type=\"widget\" data-widget_type=\"text-editor.default\">\n\t\t\t\t<div class=\"elementor-widget-container\">\n\t\t\t\t\t\t\t\t\t<p>\"There are calendars and clocks to measure time, but that doesn't mean much, because everyone knows that a single hour can seem like an eternity, and sometimes it can pass like a moment - depending on what you experience in that hour. Because time is life and life resides in the heart.\"<\/p>\t\t\t\t\t\t\t\t<\/div>\n\t\t\t\t<\/div>\n\t\t\t\t<div class=\"elementor-element elementor-element-0cfd3b5 elementor-widget elementor-widget-text-editor\" data-id=\"0cfd3b5\" data-element_type=\"widget\" data-widget_type=\"text-editor.default\">\n\t\t\t\t<div class=\"elementor-widget-container\">\n\t\t\t\t\t\t\t\t\t<p>Momo, Michael Ende<\/p>\t\t\t\t\t\t\t\t<\/div>\n\t\t\t\t<\/div>\n\t\t\t\t<\/div>\n\t\t\t\t<\/div>\n\t\t<div class=\"elementor-element elementor-element-0efdd7b elementor-hidden-tablet elementor-hidden-mobile e-flex e-con-boxed e-con e-child\" data-id=\"0efdd7b\" data-element_type=\"container\">\n\t\t\t\t\t<div class=\"e-con-inner\">\n\t\t\t\t<div class=\"elementor-element elementor-element-3f6c375 elementor-arrows-position-outside elementor-pagination-position-outside elementor-widget elementor-widget-image-carousel\" data-id=\"3f6c375\" data-element_type=\"widget\" data-settings=\"{&quot;slides_to_show&quot;:&quot;1&quot;,&quot;lazyload&quot;:&quot;yes&quot;,&quot;pause_on_hover&quot;:&quot;no&quot;,&quot;effect&quot;:&quot;fade&quot;,&quot;navigation&quot;:&quot;both&quot;,&quot;autoplay&quot;:&quot;yes&quot;,&quot;pause_on_interaction&quot;:&quot;yes&quot;,&quot;autoplay_speed&quot;:5000,&quot;infinite&quot;:&quot;yes&quot;,&quot;speed&quot;:500}\" data-widget_type=\"image-carousel.default\">\n\t\t\t\t<div class=\"elementor-widget-container\">\n\t\t\t\t\t\t\t<div class=\"elementor-image-carousel-wrapper swiper\" role=\"region\" aria-roledescription=\"carousel\" aria-label=\"Bild Karussell\" dir=\"ltr\">\n\t\t\t<div class=\"elementor-image-carousel swiper-wrapper\" aria-live=\"off\">\n\t\t\t\t\t\t\t\t<div class=\"swiper-slide\" role=\"group\" aria-roledescription=\"slide\" aria-label=\"1 from 7\"><figure class=\"swiper-slide-inner\"><img class=\"swiper-slide-image swiper-lazy\" data-src=\"https:\/\/www.dasgraueschaf.at\/wp-content\/uploads\/elementor\/thumbs\/DMF3941_srgb-e1721730525493-qrj2m3cc5g75wqdj7g2t97tz78dlr9ta6yb76i4slq.jpg\" alt=\"the-grey-sheep-garden-and-fireplace\" \/><div class=\"swiper-lazy-preloader\"><\/div><\/figure><\/div><div class=\"swiper-slide\" role=\"group\" aria-roledescription=\"slide\" aria-label=\"2 from 7\"><figure class=\"swiper-slide-inner\"><img class=\"swiper-slide-image swiper-lazy\" data-src=\"https:\/\/www.dasgraueschaf.at\/wp-content\/uploads\/elementor\/thumbs\/15_das-graue-schaf_ferien-appartements_bad-kleinkirchheim_aussen_ansicht_holzfassade-qfawnp8smp548x7h6wb10w9ktvgpgwf5nv2squjnj6.webp\" alt=\"15_das-graue-schaf_ferien-appartements_bad-kleinkirchheim_exterior_view_wood_fa\u00e7ade\" \/><div class=\"swiper-lazy-preloader\"><\/div><\/figure><\/div><div class=\"swiper-slide\" role=\"group\" aria-roledescription=\"slide\" aria-label=\"3 from 7\"><figure class=\"swiper-slide-inner\"><img class=\"swiper-slide-image swiper-lazy\" data-src=\"https:\/\/www.dasgraueschaf.at\/wp-content\/uploads\/elementor\/thumbs\/17_das-graue-schaf_ferien-appartements_bad-kleinkirchheim_frontansicht_holzfassade_herbst-qfawnoayfv3txb8ucdwegei48hlc97bfbqfb9kl1pe.webp\" alt=\"17_das-graue-schaf_ferien-appartements_bad-kleinkirchheim_front_view_wood_fa\u00e7ade_autumn\" \/><div class=\"swiper-lazy-preloader\"><\/div><\/figure><\/div><div class=\"swiper-slide\" role=\"group\" aria-roledescription=\"slide\" aria-label=\"4 from 7\"><figure class=\"swiper-slide-inner\"><img class=\"swiper-slide-image swiper-lazy\" data-src=\"https:\/\/www.dasgraueschaf.at\/wp-content\/uploads\/elementor\/thumbs\/16_das-graue-schaf_ferien-appartements_bad-kleinkirchheim_umgebung_bachlauf-qfawnoayfv3txb8ucdwegei48hlc97bfbqfb9kl1pe.webp\" alt=\"16_das-graue-schaf_ferien-appartements_bad-kleinkirchheim_environment_bachlauf\" \/><div class=\"swiper-lazy-preloader\"><\/div><\/figure><\/div><div class=\"swiper-slide\" role=\"group\" aria-roledescription=\"slide\" aria-label=\"5 from 7\"><figure class=\"swiper-slide-inner\"><img class=\"swiper-slide-image swiper-lazy\" data-src=\"https:\/\/www.dasgraueschaf.at\/wp-content\/uploads\/elementor\/thumbs\/das-graue-schaf_ferien-appartements_bad-kleinkirchheim_wellness-ruhebereich-qfsebiqt5hoeukxo1oqfv91aj2o0rz3cj5hxf6qsbm.webp\" alt=\"the-grey-sheep_holiday-apartments_bad-kleinkirchheim_wellness-rest-area\" \/><div class=\"swiper-lazy-preloader\"><\/div><\/figure><\/div><div class=\"swiper-slide\" role=\"group\" aria-roledescription=\"slide\" aria-label=\"6 from 7\"><figure class=\"swiper-slide-inner\"><img class=\"swiper-slide-image swiper-lazy\" data-src=\"https:\/\/www.dasgraueschaf.at\/wp-content\/uploads\/elementor\/thumbs\/IMG_0176-scaled-e1721731581211-qrj3dnxwmhxygybq7d4ue9cqi4h7jn9tzf7xyp923m.jpeg\" alt=\"IMG_0176\" \/><div class=\"swiper-lazy-preloader\"><\/div><\/figure><\/div><div class=\"swiper-slide\" role=\"group\" aria-roledescription=\"slide\" aria-label=\"7 from 7\"><figure class=\"swiper-slide-inner\"><img class=\"swiper-slide-image swiper-lazy\" data-src=\"https:\/\/www.dasgraueschaf.at\/wp-content\/uploads\/elementor\/thumbs\/13_das-graue-schaf_ferien-appartements_bad-kleinkirchheim_ansicht_winter-qfawnq6mtj6ekj641epnle11f9c2olivzzqa84i9cy.webp\" alt=\"13_das-graue-schaf_ferien-appartements_bad-kleinkirchheim_view_winter\" \/><div class=\"swiper-lazy-preloader\"><\/div><\/figure><\/div>\t\t\t<\/div>\n\t\t\t\t\t\t\t\t\t\t\t\t<div class=\"elementor-swiper-button elementor-swiper-button-prev\" role=\"button\" tabindex=\"0\">\n\t\t\t\t\t\t<svg xmlns=\"http:\/\/www.w3.org\/2000\/svg\" width=\"58\" height=\"58\" viewbox=\"0 0 58 58\"><g id=\"Gruppe_3\" data-name=\"Gruppe 3\" transform=\"translate(427 262.16) rotate(180)\"><circle id=\"Ellipse_1\" data-name=\"Ellipse 1\" cx=\"29\" cy=\"29\" r=\"29\" transform=\"translate(369 204.16)\" fill=\"#ebebeb\"><\/circle><path id=\"Icon_ionic-ios-arrow-round-forward\" data-name=\"Icon ionic-ios-arrow-round-forward\" d=\"M22.713,11.549a1.057,1.057,0,0,0-.008,1.488l4.918,4.925H8.909a1.051,1.051,0,1,0,0,2.1h18.7L22.7,24.987a1.064,1.064,0,0,0,.008,1.488,1.047,1.047,0,0,0,1.48-.008l6.663-6.71h0a1.182,1.182,0,0,0,.218-.331,1,1,0,0,0,.081-.4,1.054,1.054,0,0,0-.3-.736l-6.663-6.713a1.03,1.03,0,0,0-1.472-.025Z\" transform=\"translate(378.156 214.026)\" fill=\"#232323\"><\/path><\/g><\/svg>\t\t\t\t\t<\/div>\n\t\t\t\t\t<div class=\"elementor-swiper-button elementor-swiper-button-next\" role=\"button\" tabindex=\"0\">\n\t\t\t\t\t\t<svg xmlns=\"http:\/\/www.w3.org\/2000\/svg\" width=\"58\" height=\"58\" viewbox=\"0 0 58 58\"><g id=\"Gruppe_3\" data-name=\"Gruppe 3\" transform=\"translate(-369 -204.16)\"><circle id=\"Ellipse_1\" data-name=\"Ellipse 1\" cx=\"29\" cy=\"29\" r=\"29\" transform=\"translate(369 204.16)\" fill=\"#ebebeb\"><\/circle><path id=\"Icon_ionic-ios-arrow-round-forward\" data-name=\"Icon ionic-ios-arrow-round-forward\" d=\"M22.713,11.549a1.057,1.057,0,0,0-.008,1.488l4.918,4.925H8.909a1.051,1.051,0,1,0,0,2.1h18.7L22.7,24.987a1.064,1.064,0,0,0,.008,1.488,1.047,1.047,0,0,0,1.48-.008l6.663-6.71h0a1.182,1.182,0,0,0,.218-.331,1,1,0,0,0,.081-.4,1.054,1.054,0,0,0-.3-.736l-6.663-6.713a1.03,1.03,0,0,0-1.472-.025Z\" transform=\"translate(378.156 214.026)\" fill=\"#232323\"><\/path><\/g><\/svg>\t\t\t\t\t<\/div>\n\t\t\t\t\n\t\t\t\t\t\t\t\t\t<div class=\"swiper-pagination\"><\/div>\n\t\t\t\t\t\t\t\t\t<\/div>\n\t\t\t\t\t\t<\/div>\n\t\t\t\t<\/div>\n\t\t\t\t\t<\/div>\n\t\t\t\t<\/div>\n\t\t<div class=\"elementor-element elementor-element-9892ab9 elementor-hidden-desktop e-flex e-con-boxed e-con e-child\" data-id=\"9892ab9\" data-element_type=\"container\">\n\t\t\t\t\t<div class=\"e-con-inner\">\n\t\t\t\t<div class=\"elementor-element elementor-element-553a0b4 elementor-pagination-position-outside elementor-widget elementor-widget-image-carousel\" data-id=\"553a0b4\" data-element_type=\"widget\" data-settings=\"{&quot;slides_to_show&quot;:&quot;1&quot;,&quot;lazyload&quot;:&quot;yes&quot;,&quot;pause_on_hover&quot;:&quot;no&quot;,&quot;effect&quot;:&quot;fade&quot;,&quot;navigation&quot;:&quot;dots&quot;,&quot;autoplay&quot;:&quot;yes&quot;,&quot;pause_on_interaction&quot;:&quot;yes&quot;,&quot;autoplay_speed&quot;:5000,&quot;infinite&quot;:&quot;yes&quot;,&quot;speed&quot;:500}\" data-widget_type=\"image-carousel.default\">\n\t\t\t\t<div class=\"elementor-widget-container\">\n\t\t\t\t\t\t\t<div class=\"elementor-image-carousel-wrapper swiper\" role=\"region\" aria-roledescription=\"carousel\" aria-label=\"Bild Karussell\" dir=\"ltr\">\n\t\t\t<div class=\"elementor-image-carousel swiper-wrapper\" aria-live=\"off\">\n\t\t\t\t\t\t\t\t<div class=\"swiper-slide\" role=\"group\" aria-roledescription=\"slide\" aria-label=\"1 from 7\"><figure class=\"swiper-slide-inner\"><img class=\"swiper-slide-image swiper-lazy\" data-src=\"https:\/\/www.dasgraueschaf.at\/wp-content\/uploads\/elementor\/thumbs\/01_das-graue-schaf_ferien-appartements_bad-kleinkirchheim_aussenansicht-e1721730100387-qrj2azuxgv0aught05edbin2qh2lvwrd011u7wl4dk.jpg\" alt=\"01_das-graue-schaf_ferien-appartements_bad-kleinkirchheim_exterior_view\" \/><div class=\"swiper-lazy-preloader\"><\/div><\/figure><\/div><div class=\"swiper-slide\" role=\"group\" aria-roledescription=\"slide\" aria-label=\"2 from 7\"><figure class=\"swiper-slide-inner\"><img class=\"swiper-slide-image swiper-lazy\" data-src=\"https:\/\/www.dasgraueschaf.at\/wp-content\/uploads\/elementor\/thumbs\/15_das-graue-schaf_ferien-appartements_bad-kleinkirchheim_aussen_ansicht_holzfassade-qfawnp8smp548x7h6wb10w9ktvgpgwf5nv2squjnj6.webp\" alt=\"15_das-graue-schaf_ferien-appartements_bad-kleinkirchheim_exterior_view_wood_fa\u00e7ade\" \/><div class=\"swiper-lazy-preloader\"><\/div><\/figure><\/div><div class=\"swiper-slide\" role=\"group\" aria-roledescription=\"slide\" aria-label=\"3 from 7\"><figure class=\"swiper-slide-inner\"><img class=\"swiper-slide-image swiper-lazy\" data-src=\"https:\/\/www.dasgraueschaf.at\/wp-content\/uploads\/elementor\/thumbs\/16_das-graue-schaf_ferien-appartements_bad-kleinkirchheim_umgebung_bachlauf-qfawnoayfv3txb8ucdwegei48hlc97bfbqfb9kl1pe.webp\" alt=\"16_das-graue-schaf_ferien-appartements_bad-kleinkirchheim_environment_bachlauf\" \/><div class=\"swiper-lazy-preloader\"><\/div><\/figure><\/div><div class=\"swiper-slide\" role=\"group\" aria-roledescription=\"slide\" aria-label=\"4 from 7\"><figure class=\"swiper-slide-inner\"><img class=\"swiper-slide-image swiper-lazy\" data-src=\"https:\/\/www.dasgraueschaf.at\/wp-content\/uploads\/elementor\/thumbs\/17_das-graue-schaf_ferien-appartements_bad-kleinkirchheim_frontansicht_holzfassade_herbst-qfawnoayfv3txb8ucdwegei48hlc97bfbqfb9kl1pe.webp\" alt=\"17_das-graue-schaf_ferien-appartements_bad-kleinkirchheim_front_view_wood_fa\u00e7ade_autumn\" \/><div class=\"swiper-lazy-preloader\"><\/div><\/figure><\/div><div class=\"swiper-slide\" role=\"group\" aria-roledescription=\"slide\" aria-label=\"5 from 7\"><figure class=\"swiper-slide-inner\"><img class=\"swiper-slide-image swiper-lazy\" data-src=\"https:\/\/www.dasgraueschaf.at\/wp-content\/uploads\/2024\/07\/IMG_7494.jpeg\" alt=\"\" \/><div class=\"swiper-lazy-preloader\"><\/div><\/figure><\/div><div class=\"swiper-slide\" role=\"group\" aria-roledescription=\"slide\" aria-label=\"6 from 7\"><figure class=\"swiper-slide-inner\"><img class=\"swiper-slide-image swiper-lazy\" data-src=\"https:\/\/www.dasgraueschaf.at\/wp-content\/uploads\/2024\/07\/IMG_0176.jpeg\" alt=\"\" \/><div class=\"swiper-lazy-preloader\"><\/div><\/figure><\/div><div class=\"swiper-slide\" role=\"group\" aria-roledescription=\"slide\" aria-label=\"7 from 7\"><figure class=\"swiper-slide-inner\"><img class=\"swiper-slide-image swiper-lazy\" data-src=\"https:\/\/www.dasgraueschaf.at\/wp-content\/uploads\/2024\/07\/IMG_7538.jpeg\" alt=\"\" \/><div class=\"swiper-lazy-preloader\"><\/div><\/figure><\/div>\t\t\t<\/div>\n\t\t\t\t\t\t\t\n\t\t\t\t\t\t\t\t\t<div class=\"swiper-pagination\"><\/div>\n\t\t\t\t\t\t\t\t\t<\/div>\n\t\t\t\t\t\t<\/div>\n\t\t\t\t<\/div>\n\t\t\t\t\t<\/div>\n\t\t\t\t<\/div>\n\t\t\t\t\t<\/div>\n\t\t\t\t<\/div>\n\t\t<div class=\"elementor-element elementor-element-8d03a05 e-flex e-con-boxed e-con e-parent\" data-id=\"8d03a05\" data-element_type=\"container\">\n\t\t\t\t\t<div class=\"e-con-inner\">\n\t\t\t\t<div class=\"elementor-element elementor-element-2e7a783 elementor-widget-divider--view-line elementor-widget elementor-widget-divider\" data-id=\"2e7a783\" data-element_type=\"widget\" data-widget_type=\"divider.default\">\n\t\t\t\t<div class=\"elementor-widget-container\">\n\t\t\t\t\t\t\t<div class=\"elementor-divider\">\n\t\t\t<span class=\"elementor-divider-separator\">\n\t\t\t\t\t\t<\/span>\n\t\t<\/div>\n\t\t\t\t\t\t<\/div>\n\t\t\t\t<\/div>\n\t\t\t\t\t<\/div>\n\t\t\t\t<\/div>\n\t\t<div class=\"elementor-element elementor-element-18970c6 e-con-full e-flex e-con e-parent\" data-id=\"18970c6\" data-element_type=\"container\">\n\t\t<div class=\"elementor-element elementor-element-a254eef e-flex e-con-boxed e-con e-child\" data-id=\"a254eef\" data-element_type=\"container\">\n\t\t\t\t\t<div class=\"e-con-inner\">\n\t\t\t\t<div class=\"elementor-element elementor-element-7f31d38 elementor-widget elementor-widget-menu-anchor\" data-id=\"7f31d38\" data-element_type=\"widget\" data-widget_type=\"menu-anchor.default\">\n\t\t\t\t<div class=\"elementor-widget-container\">\n\t\t\t\t\t\t\t<div class=\"elementor-menu-anchor\" id=\"buchung\"><\/div>\n\t\t\t\t\t\t<\/div>\n\t\t\t\t<\/div>\n\t\t\t\t<div class=\"elementor-element elementor-element-fe30904 elementor-widget elementor-widget-heading\" data-id=\"fe30904\" data-element_type=\"widget\" data-widget_type=\"heading.default\">\n\t\t\t\t<div class=\"elementor-widget-container\">\n\t\t\t\t\t<h2 class=\"elementor-heading-title elementor-size-default\">Book now<\/h2>\t\t\t\t<\/div>\n\t\t\t\t<\/div>\n\t\t<div class=\"elementor-element elementor-element-2c388b2 e-con-full e-flex e-con e-child\" data-id=\"2c388b2\" data-element_type=\"container\">\n\t\t<div class=\"elementor-element elementor-element-dbf6e9d e-con-full e-flex e-con e-child\" data-id=\"dbf6e9d\" data-element_type=\"container\">\n\t\t\t\t<div class=\"elementor-element elementor-element-0c7324e elementor-widget elementor-widget-html\" data-id=\"0c7324e\" data-element_type=\"widget\" data-widget_type=\"html.default\">\n\t\t\t\t<div class=\"elementor-widget-container\">\n\t\t\t\t\t <div id=\"ebFrontEndFrame\"><\/div>\n <script src=\"\/\/www.easy-booking.at\/bookingengine2\/js\/jquery.easybooking.frontend.js\"><\/script>\n <script>\n \tfunction ebFrontendLoadedCheck() {\n \t\tif (typeof jQuery != \"undefined\") {\n \t\t\tif (jQuery.fn.ebFrontEnd) {\n \t\t\t\tjQuery(\"#ebFrontEndFrame\").ebFrontEnd({\n \t\t\t\t\tcustomerId: 10194,\n \t\t\t\t\tserialNo: \"5619-7953-2910\",\n \t\t\t\t\tlocaleId: 2,\n \t\t\t\t\tframeId: \"ebFrontEndPlugin\",\n \t\t\t\t\tscrollOffset: 0,\n \t\t\t\t\tadultOnly: false,\n \t\t\t\t\tgtmDL: \"dataLayer\",\n \t\t\t\t\thideFilters: \"on\",\n \t\t\t\t\tdisableScroll: true,\n \t\t\t\t\tsource: \"\",\n \t\t\t\t\tcollapsedExtras: false\n \t\t\t\t});\n \t\t\t} else {\n \t\t\t\tsetTimeout(ebFrontendLoadedCheck, 200);\n \t\t\t}\n \t\t} else {\n \t\t\tsetTimeout(ebFrontendLoadedCheck, 200);\n \t\t}\n \t}\n \tebFrontendLoadedCheck();\n <\/script> \t\t\t\t<\/div>\n\t\t\t\t<\/div>\n\t\t\t\t<\/div>\n\t\t\t\t<\/div>\n\t\t\t\t\t<\/div>\n\t\t\t\t<\/div>\n\t\t\t\t<\/div>\n\t\t<div class=\"elementor-element elementor-element-1377d99 e-flex e-con-boxed e-con e-parent\" data-id=\"1377d99\" data-element_type=\"container\" data-settings=\"{&quot;background_background&quot;:&quot;classic&quot;}\">\n\t\t\t\t\t<div class=\"e-con-inner\">\n\t\t<div class=\"elementor-element elementor-element-af0bffc e-flex e-con-boxed e-con e-child\" data-id=\"af0bffc\" data-element_type=\"container\">\n\t\t\t\t\t<div class=\"e-con-inner\">\n\t\t\t\t<div class=\"elementor-element elementor-element-b7806ab elementor-widget elementor-widget-heading\" data-id=\"b7806ab\" data-element_type=\"widget\" data-widget_type=\"heading.default\">\n\t\t\t\t<div class=\"elementor-widget-container\">\n\t\t\t\t\t<h4 class=\"elementor-heading-title elementor-size-default\">Do you have any questions?<\/h4>\t\t\t\t<\/div>\n\t\t\t\t<\/div>\n\t\t\t\t<div class=\"elementor-element elementor-element-e09ddf4 elementor-widget elementor-widget-text-editor\" data-id=\"e09ddf4\" data-element_type=\"widget\" data-widget_type=\"text-editor.default\">\n\t\t\t\t<div class=\"elementor-widget-container\">\n\t\t\t\t\t\t\t\t\t<p>Send us a message and we will get back to you as soon as possible!<\/p>\t\t\t\t\t\t\t\t<\/div>\n\t\t\t\t<\/div>\n\t\t\t\t<div class=\"elementor-element elementor-element-a64f7cf e-transform my-btn elementor-align-center elementor-widget elementor-widget-button\" data-id=\"a64f7cf\" data-element_type=\"widget\" data-settings=\"{&quot;_transform_translateY_effect_hover&quot;:{&quot;unit&quot;:&quot;px&quot;,&quot;size&quot;:-3,&quot;sizes&quot;:[]},&quot;_transform_translateX_effect_hover&quot;:{&quot;unit&quot;:&quot;px&quot;,&quot;size&quot;:&quot;&quot;,&quot;sizes&quot;:[]},&quot;_transform_translateX_effect_hover_tablet&quot;:{&quot;unit&quot;:&quot;px&quot;,&quot;size&quot;:&quot;&quot;,&quot;sizes&quot;:[]},&quot;_transform_translateX_effect_hover_mobile&quot;:{&quot;unit&quot;:&quot;px&quot;,&quot;size&quot;:&quot;&quot;,&quot;sizes&quot;:[]},&quot;_transform_translateY_effect_hover_tablet&quot;:{&quot;unit&quot;:&quot;px&quot;,&quot;size&quot;:&quot;&quot;,&quot;sizes&quot;:[]},&quot;_transform_translateY_effect_hover_mobile&quot;:{&quot;unit&quot;:&quot;px&quot;,&quot;size&quot;:&quot;&quot;,&quot;sizes&quot;:[]}}\" data-widget_type=\"button.default\">\n\t\t\t\t<div class=\"elementor-widget-container\">\n\t\t\t\t\t\t\t\t\t<div class=\"elementor-button-wrapper\">\n\t\t\t\t\t<a class=\"elementor-button elementor-button-link elementor-size-sm\" href=\"https:\/\/www.dasgraueschaf.at\/en\/contact\/\">\n\t\t\t\t\t\t<span class=\"elementor-button-content-wrapper\">\n\t\t\t\t\t\t\t\t\t<span class=\"elementor-button-text\">Contact<\/span>\n\t\t\t\t\t<\/span>\n\t\t\t\t\t<\/a>\n\t\t\t\t<\/div>\n\t\t\t\t\t\t\t\t<\/div>\n\t\t\t\t<\/div>\n\t\t\t\t\t<\/div>\n\t\t\t\t<\/div>\n\t\t\t\t\t<\/div>\n\t\t\t\t<\/div>\n\t\t\t\t<\/div>","protected":false},"excerpt":{"rendered":"<p>A home on holiday Bio.Design.Appartments in Carinthia for guests from afar and for people from nearby. Holidays in the countryside rethought - as a starting point or simply to arrive. Our philosophy There is this longing for the here and now, for breaking out of the digital hamster wheel and for life in the [...]<\/p>","protected":false},"author":2,"featured_media":0,"parent":0,"menu_order":0,"comment_status":"closed","ping_status":"closed","template":"elementor_header_footer","meta":{"footnotes":""},"class_list":["post-10","page","type-page","status-publish","hentry"],"_links":{"self":[{"href":"https:\/\/www.dasgraueschaf.at\/en\/wp-json\/wp\/v2\/pages\/10","targetHints":{"allow":["GET"]}}],"collection":[{"href":"https:\/\/www.dasgraueschaf.at\/en\/wp-json\/wp\/v2\/pages"}],"about":[{"href":"https:\/\/www.dasgraueschaf.at\/en\/wp-json\/wp\/v2\/types\/page"}],"author":[{"embeddable":true,"href":"https:\/\/www.dasgraueschaf.at\/en\/wp-json\/wp\/v2\/users\/2"}],"replies":[{"embeddable":true,"href":"https:\/\/www.dasgraueschaf.at\/en\/wp-json\/wp\/v2\/comments?post=10"}],"version-history":[{"count":851,"href":"https:\/\/www.dasgraueschaf.at\/en\/wp-json\/wp\/v2\/pages\/10\/revisions"}],"predecessor-version":[{"id":1343,"href":"https:\/\/www.dasgraueschaf.at\/en\/wp-json\/wp\/v2\/pages\/10\/revisions\/1343"}],"wp:attachment":[{"href":"https:\/\/www.dasgraueschaf.at\/en\/wp-json\/wp\/v2\/media?parent=10"}],"curies":[{"name":"wp","href":"https:\/\/api.w.org\/{rel}","templated":true}]}}